{"id":37,"date":"2022-07-28T12:07:55","date_gmt":"2022-07-28T10:07:55","guid":{"rendered":"https:\/\/danilegazfotografo.com\/?page_id=37"},"modified":"2025-10-02T11:10:53","modified_gmt":"2025-10-02T09:10:53","slug":"estudio-fotografico-especializado-infantil-maternidad-bebes-familias-vila-seca-tarragona","status":"publish","type":"page","link":"https:\/\/danilegazfotografo.com\/ca\/","title":{"rendered":"Estudio fotogr\u00e1fico especializado en fotograf\u00eda infantil, maternidad, beb\u00e9s y familias en Vila Seca Tarragona | Dani Legaz Fotograf\u00eda"},"content":{"rendered":"<p>[et_pb_section fb_built=\u00bb1&#8243; admin_label=\u00bbHero\u00bb _builder_version=\u00bb4.26.0&#8243; _module_preset=\u00bbdefault\u00bb custom_padding=\u00bb0px|0px|0px|0px\u00bb collapsed=\u00bboff\u00bb global_colors_info=\u00bb{}\u00bb][et_pb_row column_structure=\u00bb1_2,1_2&#8243; use_custom_gutter=\u00bbon\u00bb gutter_width=\u00bb1&#8243; make_equal=\u00bbon\u00bb module_class=\u00bb et_pb_row_fullwidth\u00bb _builder_version=\u00bb4.26.0&#8243; _module_preset=\u00bbdefault\u00bb background_enable_color=\u00bboff\u00bb background_enable_image=\u00bboff\u00bb width=\u00bb100%\u00bb width_tablet=\u00bb100%\u00bb width_phone=\u00bb100%\u00bb width_last_edited=\u00bbon|desktop\u00bb max_width=\u00bb100%\u00bb max_width_tablet=\u00bb100%\u00bb max_width_phone=\u00bb100%\u00bb max_width_last_edited=\u00bbon|desktop\u00bb custom_padding=\u00bb0px||0px|\u00bb animation_direction=\u00bbtop\u00bb make_fullwidth=\u00bbon\u00bb global_colors_info=\u00bb{}\u00bb][et_pb_column type=\u00bb1_2&#8243; _builder_version=\u00bb4.17.0&#8243; _module_preset=\u00bbdefault\u00bb custom_padding=\u00bb10%|8%|10%|8%\u00bb global_colors_info=\u00bb{}\u00bb custom_padding__hover=\u00bb|||\u00bb][et_pb_text _builder_version=\u00bb4.18.0&#8243; _module_preset=\u00bbdefault\u00bb header_font=\u00bbMontserrat|700|||||||\u00bb custom_padding=\u00bb||27px|||\u00bb header_font_size_tablet=\u00bb30px\u00bb header_font_size_phone=\u00bb19px\u00bb header_font_size_last_edited=\u00bbon|desktop\u00bb global_colors_info=\u00bb{}\u00bb]<\/p>\n<h1>Estudio de fotograf\u00eda Especializado en Familias, Beb\u00e9s, Comuniones e Infantil en Vila-seca, Tarragona<\/h1>\n<p>[\/et_pb_text][et_pb_text _builder_version=\u00bb4.18.0&#8243; _module_preset=\u00bbdefault\u00bb text_text_color=\u00bb#353740&#8243; header_font=\u00bb||||||||\u00bb custom_margin=\u00bb||29px|||\u00bb custom_padding=\u00bb3px|||||\u00bb animation_style=\u00bbslide\u00bb animation_direction=\u00bbtop\u00bb animation_intensity_slide=\u00bb17%\u00bb locked=\u00bboff\u00bb global_colors_info=\u00bb{}\u00bb]Capturando los momentos m\u00e1s especiales de tu vida con fotograf\u00eda profesional<br \/>\n[\/et_pb_text][et_pb_button button_url=\u00bb#servicios\u00bb button_text=\u00bb\u00a1Conoce mis opciones de sesiones de fotos!\u00bb button_alignment=\u00bbleft\u00bb _builder_version=\u00bb4.18.0&#8243; _module_preset=\u00bbdefault\u00bb custom_button=\u00bbon\u00bb button_text_color=\u00bb#FFFFFF\u00bb button_bg_color=\u00bb#bc8f56&#8243; button_icon_color=\u00bb#FFFFFF\u00bb hover_enabled=\u00bb0&#8243; global_colors_info=\u00bb{}\u00bb button_border_radius=\u00bb29px\u00bb sticky_enabled=\u00bb0&#8243;][\/et_pb_button][\/et_pb_column][et_pb_column type=\u00bb1_2&#8243; _builder_version=\u00bb4.18.0&#8243; _module_preset=\u00bbdefault\u00bb background_enable_image=\u00bboff\u00bb background_position=\u00bbcenter_left\u00bb background_horizontal_offset=\u00bb22%\u00bb background_blend=\u00bbscreen\u00bb custom_padding=\u00bb|||\u00bb global_colors_info=\u00bb{}\u00bb custom_padding__hover=\u00bb|||\u00bb][et_pb_divider show_divider=\u00bboff\u00bb _builder_version=\u00bb4.27.4&#8243; _module_preset=\u00bbdefault\u00bb global_colors_info=\u00bb{}\u00bb][\/et_pb_divider][et_pb_divider show_divider=\u00bboff\u00bb _builder_version=\u00bb4.27.4&#8243; _module_preset=\u00bbdefault\u00bb global_colors_info=\u00bb{}\u00bb][\/et_pb_divider][et_pb_button button_url=\u00bbhttps:\/\/fotosinmobiliaria.com\/\u00bb url_new_window=\u00bbon\u00bb button_text=\u00bbDani Legaz: Fotograf\u00eda para Empresa\u00bb button_alignment=\u00bbright\u00bb admin_label=\u00bbhttps:\/\/fotosinmobiliaria.com\/\u00bb _builder_version=\u00bb4.27.4&#8243; _module_preset=\u00bbdefault\u00bb custom_button=\u00bbon\u00bb button_text_size=\u00bb19px\u00bb button_text_color=\u00bb#000000&#8243; button_bg_color=\u00bb#c5e6ff\u00bb button_border_color=\u00bb#c5e6ff\u00bb button_border_radius=\u00bb100px\u00bb hover_enabled=\u00bb0&#8243; global_colors_info=\u00bb{}\u00bb custom_margin=\u00bb|20px|||false|false\u00bb sticky_enabled=\u00bb0&#8243;][\/et_pb_button][et_pb_divider show_divider=\u00bboff\u00bb _builder_version=\u00bb4.27.4&#8243; _module_preset=\u00bbdefault\u00bb global_colors_info=\u00bb{}\u00bb][\/et_pb_divider][et_pb_gallery gallery_ids=\u00bb1886,1885,1884,1883,1882,1881,1880&#8243; gallery_orderby=\u00bbrand\u00bb fullwidth=\u00bbon\u00bb _builder_version=\u00bb4.26.0&#8243; _module_preset=\u00bbdefault\u00bb pagination_text_color=\u00bbRGBA(255,255,255,0)\u00bb pagination_font_size=\u00bb1px\u00bb auto=\u00bbon\u00bb auto_speed=\u00bb5000&#8243; global_colors_info=\u00bb{}\u00bb][\/et_pb_gallery][\/et_pb_column][\/et_pb_row][\/et_pb_section][et_pb_section fb_built=\u00bb1&#8243; admin_label=\u00bbLatest Work Section\u00bb _builder_version=\u00bb4.18.0&#8243; _module_preset=\u00bbdefault\u00bb background_color=\u00bbrgba(181,175,167,0.24)\u00bb custom_padding=\u00bb9px||5px|||\u00bb global_colors_info=\u00bb{}\u00bb][et_pb_row admin_label=\u00bbService Section Title\u00bb _builder_version=\u00bb4.26.0&#8243; _module_preset=\u00bbdefault\u00bb custom_margin=\u00bb||40px|\u00bb animation_direction=\u00bbtop\u00bb saved_tabs=\u00bball\u00bb global_colors_info=\u00bb{}\u00bb][et_pb_column type=\u00bb4_4&#8243; _builder_version=\u00bb4.16&#8243; _module_preset=\u00bbdefault\u00bb custom_padding=\u00bb|||\u00bb global_colors_info=\u00bb{}\u00bb custom_padding__hover=\u00bb|||\u00bb][et_pb_text admin_label=\u00bbTitle\u00bb _builder_version=\u00bb4.18.0&#8243; _module_preset=\u00bbdefault\u00bb text_font=\u00bbMontserrat||||||||\u00bb text_text_color=\u00bb#747d88&#8243; text_line_height=\u00bb1.9em\u00bb header_font=\u00bb||||||||\u00bb header_font_size=\u00bb39px\u00bb header_2_font=\u00bbMontserrat|700||on|||||\u00bb header_2_font_size=\u00bb42px\u00bb header_2_line_height=\u00bb1.3em\u00bb text_orientation=\u00bbcenter\u00bb module_alignment=\u00bbcenter\u00bb custom_margin=\u00bb50px|-73px||-47px|false|false\u00bb custom_margin_tablet=\u00bb50px|-73px||-47px|false|false\u00bb custom_margin_phone=\u00bb50px|0px||0px|false|false\u00bb custom_margin_last_edited=\u00bbon|desktop\u00bb custom_padding=\u00bb|20px||20px|false|false\u00bb animation_style=\u00bbslide\u00bb animation_direction=\u00bbbottom\u00bb animation_intensity_slide=\u00bb4%\u00bb header_2_font_size_tablet=\u00bb42px\u00bb header_2_font_size_phone=\u00bb24px\u00bb header_2_font_size_last_edited=\u00bbon|phone\u00bb global_colors_info=\u00bb{}\u00bb]<\/p>\n<h2>\u00bfEst\u00e1s cansada de las t\u00edpicas fotos de estudio y quieres algo m\u00e1s natural y aut\u00e9ntico para tu familia?<\/h2>\n<p>[\/et_pb_text][et_pb_text admin_label=\u00bbSubtitle\u00bb _builder_version=\u00bb4.18.0&#8243; _module_preset=\u00bbdefault\u00bb text_font=\u00bb||||||||\u00bb text_text_color=\u00bb#747d88&#8243; text_line_height=\u00bb1.8em\u00bb header_font=\u00bb||||||||\u00bb text_orientation=\u00bbcenter\u00bb module_alignment=\u00bbcenter\u00bb custom_margin=\u00bb|||\u00bb animation_style=\u00bbslide\u00bb animation_direction=\u00bbbottom\u00bb animation_delay=\u00bb100ms\u00bb animation_intensity_slide=\u00bb4%\u00bb global_colors_info=\u00bb{}\u00bb]Captura <strong>momentos especiales con fotograf\u00eda<\/strong> de alta calidad en mi estudio en Vila- Seca (Tarragona). <strong>Especializado en fotograf\u00eda familiar, comuniones e infantil<\/strong>, ayudo a las familias a crear <strong>recuerdos duraderos<\/strong>. Mi <strong>estudio<\/strong> es un <strong>espacio \u00fanico<\/strong>, donde podr\u00e1s disfrutar de sesiones personalizadas en un <strong>ambiente natural y divertido<\/strong>.<\/p>\n<p><strong>Cada sesi\u00f3n es \u00fanica<\/strong>, capturando la esencia de tu <strong>familia<\/strong>. Olv\u00eddate de la intimidaci\u00f3n de la c\u00e1mara y disfruta de una experiencia inolvidable.<\/p>\n<p>\u00a1Te guiar\u00e9 para crear im\u00e1genes que te har\u00e1n sonre\u00edr siempre!<br \/>\n[\/et_pb_text][\/et_pb_column][\/et_pb_row][\/et_pb_section][et_pb_section fb_built=\u00bb1&#8243; admin_label=\u00bbVideo Section\u00bb _builder_version=\u00bb4.18.0&#8243; background_color=\u00bb#bc8f56&#8243; custom_margin=\u00bb0px||||false|false\u00bb custom_padding=\u00bb80px||79px||false|false\u00bb global_colors_info=\u00bb{}\u00bb][et_pb_row admin_label=\u00bbVideo\u00bb _builder_version=\u00bb4.18.0&#8243; custom_padding=\u00bb0px|0px|0px|0px\u00bb animation_style=\u00bbslide\u00bb animation_direction=\u00bbtop\u00bb animation_intensity_slide=\u00bb4%\u00bb animation_starting_opacity=\u00bb100%\u00bb global_colors_info=\u00bb{}\u00bb][et_pb_column type=\u00bb4_4&#8243; _builder_version=\u00bb4.16&#8243; custom_padding=\u00bb|||\u00bb global_colors_info=\u00bb{}\u00bb custom_padding__hover=\u00bb|||\u00bb][et_pb_text _builder_version=\u00bb4.18.0&#8243; _module_preset=\u00bbdefault\u00bb header_2_font_size=\u00bb42px\u00bb background_layout=\u00bbdark\u00bb custom_margin=\u00bb0px|||||\u00bb custom_padding=\u00bb||36px|||\u00bb global_colors_info=\u00bb{}\u00bb]<\/p>\n<h2 style=\"text-align: center;\"><span style=\"font-weight: 400;\">Descubre nuestro estudio-granja de fotograf\u00eda<\/span><\/h2>\n<p>[\/et_pb_text][et_pb_video src_webm=\u00bbhttps:\/\/danilegazfotografo.com\/wp-content\/uploads\/2023\/05\/estudio-granja-fotografia-tarragona.mp4&#8243; image_src=\u00bbhttps:\/\/danilegazfotografo.com\/wp-content\/uploads\/2023\/05\/CleanShot-2023-05-30-at-18.50.31@2x.png\u00bb thumbnail_overlay_color=\u00bbrgba(0,0,0,0.79)\u00bb disabled_on=\u00bbon|on|off\u00bb _builder_version=\u00bb4.18.0&#8243; custom_padding=\u00bb0px||0px|0px|false|false\u00bb animation_direction=\u00bbbottom\u00bb box_shadow_style=\u00bbpreset5&#8243; box_shadow_vertical=\u00bb0px\u00bb box_shadow_spread=\u00bb38px\u00bb box_shadow_color=\u00bb#ffffff\u00bb box_shadow_position=\u00bbinner\u00bb global_colors_info=\u00bb{}\u00bb][\/et_pb_video][et_pb_video src=\u00bbhttps:\/\/danilegazfotografo.com\/wp-content\/uploads\/2023\/05\/estudio-granja-fotografia-tarragona.mp4&#8243; image_src=\u00bbhttps:\/\/danilegazfotografo.com\/wp-content\/uploads\/2023\/05\/CleanShot-2023-05-30-at-18.50.31@2x.png\u00bb thumbnail_overlay_color=\u00bbrgba(0,0,0,0.79)\u00bb disabled_on=\u00bboff|off|on\u00bb _builder_version=\u00bb4.18.0&#8243; custom_padding=\u00bb0px||0px|0px|false|false\u00bb animation_direction=\u00bbbottom\u00bb global_colors_info=\u00bb{}\u00bb][\/et_pb_video][\/et_pb_column][\/et_pb_row][et_pb_row _builder_version=\u00bb4.18.0&#8243; _module_preset=\u00bbdefault\u00bb min_height=\u00bb272px\u00bb custom_padding=\u00bb175px|||||\u00bb global_colors_info=\u00bb{}\u00bb][et_pb_column type=\u00bb4_4&#8243; _builder_version=\u00bb4.18.0&#8243; _module_preset=\u00bbdefault\u00bb global_colors_info=\u00bb{}\u00bb][et_pb_gallery gallery_ids=\u00bb613,612,611,610,609,608,607&#8243; gallery_orderby=\u00bbrand\u00bb show_title_and_caption=\u00bboff\u00bb show_pagination=\u00bboff\u00bb _builder_version=\u00bb4.18.0&#8243; _module_preset=\u00bbdefault\u00bb custom_margin=\u00bb-95px|||||\u00bb custom_padding=\u00bb0px||0px|4px||\u00bb border_width_all=\u00bb5px\u00bb border_color_all=\u00bb#FFFFFF\u00bb global_colors_info=\u00bb{}\u00bb][\/et_pb_gallery][\/et_pb_column][\/et_pb_row][\/et_pb_section][et_pb_section fb_built=\u00bb1&#8243; admin_label=\u00bbFeature Section\u00bb _builder_version=\u00bb4.16&#8243; _module_preset=\u00bbdefault\u00bb custom_margin=\u00bb21px|||||\u00bb custom_padding=\u00bb3px||0px|||\u00bb global_colors_info=\u00bb{}\u00bb][et_pb_row column_structure=\u00bb1_2,1_2&#8243; use_custom_gutter=\u00bbon\u00bb gutter_width=\u00bb4&#8243; admin_label=\u00bbFeature\u00bb module_class=\u00bb et_pb_row_fullwidth\u00bb _builder_version=\u00bb4.16&#8243; _module_preset=\u00bbdefault\u00bb width=\u00bb86%\u00bb width_tablet=\u00bb80%\u00bb width_phone=\u00bb80%\u00bb width_last_edited=\u00bbon|desktop\u00bb max_width=\u00bb86%\u00bb max_width_tablet=\u00bb80%\u00bb max_width_phone=\u00bb80%\u00bb max_width_last_edited=\u00bbon|desktop\u00bb custom_margin=\u00bb|auto|-9px|auto||\u00bb custom_padding=\u00bb40px||0px|||\u00bb make_fullwidth=\u00bbon\u00bb global_colors_info=\u00bb{}\u00bb][et_pb_column type=\u00bb1_2&#8243; _builder_version=\u00bb4.16&#8243; _module_preset=\u00bbdefault\u00bb background_color_gradient_start=\u00bb#fcd21d\u00bb background_color_gradient_end=\u00bb#fcd21d\u00bb custom_padding=\u00bb|||\u00bb global_colors_info=\u00bb{}\u00bb custom_padding__hover=\u00bb|||\u00bb][et_pb_image src=\u00bbhttps:\/\/danilegazfotografo.com\/wp-content\/uploads\/2023\/05\/fotografo-familia-infantil-tarragona.jpg\u00bb title_text=\u00bbfotografo familia infantil tarragona\u00bb align=\u00bbright\u00bb _builder_version=\u00bb4.18.0&#8243; _module_preset=\u00bbdefault\u00bb global_colors_info=\u00bb{}\u00bb][\/et_pb_image][\/et_pb_column][et_pb_column type=\u00bb1_2&#8243; _builder_version=\u00bb4.16&#8243; _module_preset=\u00bbdefault\u00bb custom_padding=\u00bb7%||7%|\u00bb global_colors_info=\u00bb{}\u00bb custom_padding__hover=\u00bb|||\u00bb][et_pb_text admin_label=\u00bbTitle\u00bb _builder_version=\u00bb4.18.0&#8243; _module_preset=\u00bbdefault\u00bb text_font=\u00bbMontserrat||||||||\u00bb text_text_color=\u00bb#747d88&#8243; text_line_height=\u00bb1.9em\u00bb header_font=\u00bb||||||||\u00bb header_text_align=\u00bbleft\u00bb header_2_font=\u00bbMontserrat|700||on|||||\u00bb header_2_font_size=\u00bb42px\u00bb header_2_line_height=\u00bb1.3em\u00bb max_width=\u00bb700px\u00bb module_alignment=\u00bbleft\u00bb custom_margin=\u00bb-130px||7px||false|false\u00bb custom_margin_tablet=\u00bb-130px||7px||false|false\u00bb custom_margin_phone=\u00bb0px||7px||false|false\u00bb custom_margin_last_edited=\u00bbon|phone\u00bb animation_style=\u00bbslide\u00bb animation_direction=\u00bbbottom\u00bb animation_intensity_slide=\u00bb4%\u00bb locked=\u00bboff\u00bb global_colors_info=\u00bb{}\u00bb]<\/p>\n<h2>EL FOT\u00d3GRAFO GRANJERO<\/h2>\n<p>[\/et_pb_text][et_pb_text admin_label=\u00bbSubtitle\u00bb _builder_version=\u00bb4.16&#8243; _module_preset=\u00bbdefault\u00bb text_font=\u00bbMontserrat||||\u00bb text_text_color=\u00bb#747d88&#8243; text_line_height=\u00bb1.8em\u00bb header_font=\u00bb||||||||\u00bb max_width=\u00bb700px\u00bb module_alignment=\u00bbleft\u00bb custom_margin=\u00bb|||\u00bb custom_padding=\u00bb||20px|\u00bb animation_style=\u00bbslide\u00bb animation_direction=\u00bbbottom\u00bb animation_delay=\u00bb100ms\u00bb animation_intensity_slide=\u00bb4%\u00bb locked=\u00bboff\u00bb global_colors_info=\u00bb{}\u00bb]<span style=\"font-weight: 400;\">Cuando pienso en <\/span><b>esos grandes momentos de mi infancia<\/b><span style=\"font-weight: 400;\">, con mis padres y abuelos <\/span><b>en el campo<\/b><span style=\"font-weight: 400;\">, recuerdo momentos m\u00e1gicos.<\/span><b> Momento que hoy en d\u00eda\u00a0 pocos ni\u00f1os o familias pueden disfrutar.<\/b><\/p>\n<p><span style=\"font-weight: 400;\">Vivimos en una sociedad urbana y tecnol\u00f3gica, y eso est\u00e1 genial, pero <\/span><b>en ocasiones es importante conectar con nuestra esencia<\/b><span style=\"font-weight: 400;\">, con nuestra naturaleza m\u00e1s salvaje.<\/span><\/p>\n<p><span style=\"font-weight: 400;\">Llevo<\/span><b> toda mi vida<\/b><span style=\"font-weight: 400;\"> haciendo reportajes fotogr\u00e1ficos, <\/span><b>es mi pasi\u00f3n<\/b><span style=\"font-weight: 400;\">, me encanta lo que hago y estoy <\/span><b>orgulloso de toda mi carrera<\/b><span style=\"font-weight: 400;\">. Pero ha llegado el momento de hacer algo con lo que conect\u00e9 de una forma mucho m\u00e1s que profesional.<\/span><\/p>\n<p><span style=\"font-weight: 400;\">Quienes me conocen saben que soy una persona muy sociable, necesito tener gente a mi alrededor, <\/span><b>eso me llena de energ\u00eda y montar fiestas en mi cas<\/b><span style=\"font-weight: 400;\">a, invitar a mis amigos y familiares y ser su anfitri\u00f3n es algo que me llena de verdad.<\/span><\/p>\n<p><span style=\"font-weight: 400;\">He pasado varios meses de mi vida creando un espacio en mi casa del que sentirme orgulloso <\/span><b>y en el que pueda invitarte a ti, que me est\u00e1s leyendo<\/b><span style=\"font-weight: 400;\">, a pasar un momento \u00fanico e irrepetible.<\/span><\/p>\n<p><span style=\"font-weight: 400;\">Han sido meses de mucho trabajo, a veces incluso duros, pero ahora puedo decir por todo lo alto que <\/span><b>HE CREADO ALGO CON LO QUE HE SO\u00d1ADO MUCHOS A\u00d1OS.<\/b><\/p>\n<p><span style=\"font-weight: 400;\">Tengo <\/span><b>la comodidad de un estudio<\/b><span style=\"font-weight: 400;\"> pero <\/span><b>la magia de la naturaleza<\/b><span style=\"font-weight: 400;\">.<\/span><\/p>\n<p><span style=\"font-weight: 400;\">\u00bfTe gustar\u00eda conocer a mis gallinicas?<\/span><\/p>\n<p><em><span style=\"font-weight: 400;\">Dani Legaz<\/span><\/em><br \/>\n[\/et_pb_text][\/et_pb_column][\/et_pb_row][\/et_pb_section][et_pb_section fb_built=\u00bb1&#8243; admin_label=\u00bbAbout Section\u00bb _builder_version=\u00bb4.16&#8243; _module_preset=\u00bbdefault\u00bb background_color=\u00bb#f7f7f7&#8243; custom_padding=\u00bb2px||70px|||\u00bb global_module=\u00bb1157&#8243; global_colors_info=\u00bb{}\u00bb][et_pb_row _builder_version=\u00bb4.16&#8243; _module_preset=\u00bbdefault\u00bb custom_padding=\u00bb50px|||||\u00bb global_colors_info=\u00bb{}\u00bb][et_pb_column type=\u00bb4_4&#8243; _builder_version=\u00bb4.16&#8243; _module_preset=\u00bbdefault\u00bb global_colors_info=\u00bb{}\u00bb][et_pb_text _builder_version=\u00bb4.16&#8243; _module_preset=\u00bbdefault\u00bb text_font=\u00bbMontserrat||||||||\u00bb text_text_color=\u00bb#757575&#8243; text_orientation=\u00bbcenter\u00bb global_colors_info=\u00bb{}\u00bb]<\/p>\n<h1>En 30 a\u00f1os&#8230;<\/h1>\n<p>[\/et_pb_text][\/et_pb_column][\/et_pb_row][et_pb_row column_structure=\u00bb1_3,1_3,1_3&#8243; admin_label=\u00bbStats\u00bb _builder_version=\u00bb4.16&#8243; _module_preset=\u00bbdefault\u00bb global_colors_info=\u00bb{}\u00bb][et_pb_column type=\u00bb1_3&#8243; _builder_version=\u00bb4.16&#8243; _module_preset=\u00bbdefault\u00bb custom_padding=\u00bb|||\u00bb global_colors_info=\u00bb{}\u00bb custom_padding__hover=\u00bb|||\u00bb][et_pb_number_counter title=\u00bbSesiones realizadas\u00bb number=\u00bb+4000&#8243; percent_sign=\u00bboff\u00bb _builder_version=\u00bb4.18.0&#8243; _module_preset=\u00bbdefault\u00bb title_font=\u00bbMontserrat||||||||\u00bb number_font=\u00bbMontserrat||||||||\u00bb global_colors_info=\u00bb{}\u00bb][\/et_pb_number_counter][\/et_pb_column][et_pb_column type=\u00bb1_3&#8243; _builder_version=\u00bb4.16&#8243; _module_preset=\u00bbdefault\u00bb custom_padding=\u00bb|||\u00bb global_colors_info=\u00bb{}\u00bb custom_padding__hover=\u00bb|||\u00bb][et_pb_number_counter title=\u00bbClientes\u00bb number=\u00bb+2500&#8243; percent_sign=\u00bboff\u00bb _builder_version=\u00bb4.18.0&#8243; _module_preset=\u00bbdefault\u00bb title_font=\u00bbMontserrat||||||||\u00bb number_font=\u00bbMontserrat||||||||\u00bb locked=\u00bboff\u00bb global_colors_info=\u00bb{}\u00bb][\/et_pb_number_counter][\/et_pb_column][et_pb_column type=\u00bb1_3&#8243; _builder_version=\u00bb4.16&#8243; _module_preset=\u00bbdefault\u00bb custom_padding=\u00bb|||\u00bb global_colors_info=\u00bb{}\u00bb custom_padding__hover=\u00bb|||\u00bb][et_pb_number_counter title=\u00bbFotograf\u00edas entregadas\u00bb number=\u00bb+300 mil\u00bb percent_sign=\u00bboff\u00bb _builder_version=\u00bb4.18.0&#8243; _module_preset=\u00bbdefault\u00bb title_font=\u00bbMontserrat||||||||\u00bb number_font=\u00bbMontserrat||||||||\u00bb locked=\u00bboff\u00bb global_colors_info=\u00bb{}\u00bb][\/et_pb_number_counter][\/et_pb_column][\/et_pb_row][\/et_pb_section][et_pb_section fb_built=\u00bb1&#8243; admin_label=\u00bbService Section\u00bb _builder_version=\u00bb4.16&#8243; _module_preset=\u00bbdefault\u00bb min_height=\u00bb869.7px\u00bb custom_margin=\u00bb-70px||-144px|||\u00bb custom_padding=\u00bb0px||0px|||\u00bb global_colors_info=\u00bb{}\u00bb][et_pb_row admin_label=\u00bbService Section Title\u00bb _builder_version=\u00bb4.17.0&#8243; _module_preset=\u00bbdefault\u00bb background_enable_image=\u00bboff\u00bb custom_margin=\u00bb||40px|\u00bb custom_padding=\u00bb64px|||||\u00bb animation_style=\u00bbfade\u00bb animation_direction=\u00bbtop\u00bb saved_tabs=\u00bball\u00bb global_colors_info=\u00bb{}\u00bb][et_pb_column type=\u00bb4_4&#8243; _builder_version=\u00bb4.17.0&#8243; _module_preset=\u00bbdefault\u00bb background_enable_image=\u00bboff\u00bb custom_padding=\u00bb|||\u00bb global_colors_info=\u00bb{}\u00bb custom_padding__hover=\u00bb|||\u00bb][et_pb_text admin_label=\u00bbTitle\u00bb _builder_version=\u00bb4.18.0&#8243; _module_preset=\u00bbdefault\u00bb text_font=\u00bbMontserrat||||||||\u00bb text_text_color=\u00bb#747d88&#8243; text_line_height=\u00bb1.9em\u00bb header_font=\u00bb||||||||\u00bb header_2_font=\u00bbMontserrat|700||on|||||\u00bb header_2_font_size=\u00bb42px\u00bb header_2_line_height=\u00bb1.3em\u00bb text_orientation=\u00bbcenter\u00bb max_width=\u00bb700px\u00bb module_alignment=\u00bbcenter\u00bb animation_style=\u00bbslide\u00bb animation_direction=\u00bbbottom\u00bb animation_intensity_slide=\u00bb4%\u00bb header_2_font_size_tablet=\u00bb42px\u00bb header_2_font_size_phone=\u00bb24px\u00bb header_2_font_size_last_edited=\u00bbon|phone\u00bb global_colors_info=\u00bb{}\u00bb]<\/p>\n<h2><b>Tu reportaje fotogr\u00e1fico est\u00e1 a un solo clic<\/b><\/h2>\n<p>[\/et_pb_text][et_pb_text admin_label=\u00bbSubtitle\u00bb _builder_version=\u00bb4.18.0&#8243; _module_preset=\u00bbdefault\u00bb text_font=\u00bbMontserrat||||\u00bb text_text_color=\u00bb#747d88&#8243; text_line_height=\u00bb1.8em\u00bb header_font=\u00bb||||||||\u00bb text_orientation=\u00bbcenter\u00bb max_width=\u00bb700px\u00bb module_alignment=\u00bbcenter\u00bb custom_margin=\u00bb|||\u00bb animation_style=\u00bbslide\u00bb animation_direction=\u00bbbottom\u00bb animation_delay=\u00bb100ms\u00bb animation_intensity_slide=\u00bb4%\u00bb global_colors_info=\u00bb{}\u00bb]Agenda tu sesi\u00f3n online, d\u00e9jate asesorar en el vestuario y si\u00e9ntete como en casa en su acogedor estudio &#8211; granja en plena naturaleza<br \/>\n[\/et_pb_text][\/et_pb_column][\/et_pb_row][et_pb_row column_structure=\u00bb1_3,1_3,1_3&#8243; use_custom_gutter=\u00bbon\u00bb gutter_width=\u00bb2&#8243; make_equal=\u00bbon\u00bb admin_label=\u00bbServices\u00bb _builder_version=\u00bb4.16&#8243; _module_preset=\u00bbdefault\u00bb max_width=\u00bb80%\u00bb custom_padding=\u00bb25px||0px|||\u00bb use_custom_width=\u00bbon\u00bb width_unit=\u00bboff\u00bb global_colors_info=\u00bb{}\u00bb][et_pb_column type=\u00bb1_3&#8243; _builder_version=\u00bb4.16&#8243; _module_preset=\u00bbdefault\u00bb custom_padding=\u00bb|||\u00bb global_colors_info=\u00bb{}\u00bb custom_padding__hover=\u00bb|||\u00bb][et_pb_blurb title=\u00bbAgenda tu cita online\u00bb use_icon=\u00bbon\u00bb font_icon=\u00bb&#xe023;||divi||400&#8243; image_icon_width=\u00bb60px\u00bb _builder_version=\u00bb4.18.0&#8243; _module_preset=\u00bbdefault\u00bb header_level=\u00bbh2&#8243; header_font=\u00bbMontserrat|on|||\u00bb header_text_color=\u00bb#353740&#8243; header_font_size=\u00bb22px\u00bb header_line_height=\u00bb1.4em\u00bb body_font=\u00bbMontserrat||||\u00bb body_text_color=\u00bb#747d88&#8243; body_line_height=\u00bb1.8em\u00bb text_orientation=\u00bbcenter\u00bb custom_padding=\u00bb30px|30px|30px|30px\u00bb animation_style=\u00bbzoom\u00bb border_width_all=\u00bb0px\u00bb border_color_all=\u00bb#dddddd\u00bb border_style_all=\u00bbsolid\u00bb use_border_color=\u00bbon\u00bb border_color=\u00bb#dddddd\u00bb icon_font_size=\u00bb60px\u00bb global_colors_info=\u00bb{}\u00bb]<span style=\"font-weight: 400;\">Realizar tu sesi\u00f3n de fotos es una experiencia \u00fanica y sencilla. <\/span><b>T\u00fa tiempo es importante<\/b><span style=\"font-weight: 400;\"> esto lo s\u00e9 mejor que nadie, por eso he creado una a<\/span><b>genda online para que puedan escoger la fecha y hora<\/b><span style=\"font-weight: 400;\"> que mejor se adapte a tus necesidades.<\/span><br \/>\n[\/et_pb_blurb][\/et_pb_column][et_pb_column type=\u00bb1_3&#8243; _builder_version=\u00bb4.16&#8243; _module_preset=\u00bbdefault\u00bb custom_padding=\u00bb|||\u00bb global_colors_info=\u00bb{}\u00bb custom_padding__hover=\u00bb|||\u00bb][et_pb_blurb title=\u00bbMi ayuda\u00bb use_icon=\u00bbon\u00bb font_icon=\u00bb&#xf182;||fa||900&#8243; image_icon_width=\u00bb60px\u00bb _builder_version=\u00bb4.18.0&#8243; _module_preset=\u00bbdefault\u00bb header_font=\u00bbMontserrat|on|||\u00bb header_text_color=\u00bb#353740&#8243; header_font_size=\u00bb22px\u00bb header_line_height=\u00bb1.4em\u00bb body_font=\u00bbMontserrat||||\u00bb body_text_color=\u00bb#747d88&#8243; body_line_height=\u00bb1.8em\u00bb text_orientation=\u00bbcenter\u00bb custom_padding=\u00bb30px|30px|30px|30px\u00bb animation_style=\u00bbzoom\u00bb animation_delay=\u00bb100ms\u00bb border_width_all=\u00bb0px\u00bb border_color_all=\u00bb#dddddd\u00bb border_style_all=\u00bbsolid\u00bb use_border_color=\u00bbon\u00bb border_color=\u00bb#dddddd\u00bb icon_font_size=\u00bb60px\u00bb global_colors_info=\u00bb{}\u00bb]<span style=\"font-weight: 400;\">Quiero que todos mis clientes se sientan c\u00f3modos y seguros durante la sesi\u00f3n fotogr\u00e1fica, por eso os brindo mi experiencia y asesoramiento personalizado para que puedas escoger el vestuario perfecto sin preocupaciones.<\/span><br \/>\n[\/et_pb_blurb][\/et_pb_column][et_pb_column type=\u00bb1_3&#8243; _builder_version=\u00bb4.16&#8243; _module_preset=\u00bbdefault\u00bb custom_padding=\u00bb|||\u00bb global_colors_info=\u00bb{}\u00bb custom_padding__hover=\u00bb|||\u00bb][et_pb_blurb title=\u00bbCOMODIDAD Y NATURALEZA\u00bb use_icon=\u00bbon\u00bb font_icon=\u00bb&#xf18c;||fa||400&#8243; image_icon_width=\u00bb60px\u00bb _builder_version=\u00bb4.18.0&#8243; _module_preset=\u00bbdefault\u00bb header_font=\u00bbMontserrat|on|||\u00bb header_text_color=\u00bb#353740&#8243; header_font_size=\u00bb22px\u00bb header_line_height=\u00bb1.4em\u00bb body_font=\u00bbMontserrat||||\u00bb body_text_color=\u00bb#747d88&#8243; body_line_height=\u00bb1.8em\u00bb text_orientation=\u00bbcenter\u00bb custom_padding=\u00bb30px|30px|30px|30px\u00bb animation_style=\u00bbzoom\u00bb animation_delay=\u00bb200ms\u00bb border_width_all=\u00bb0px\u00bb border_color_all=\u00bb#dddddd\u00bb border_style_all=\u00bbsolid\u00bb use_border_color=\u00bbon\u00bb border_color=\u00bb#dddddd\u00bb icon_font_size=\u00bb60px\u00bb global_colors_info=\u00bb{}\u00bb]<span style=\"font-weight: 400;\">En la granja-estudio todo <\/span><span style=\"font-weight: 400;\">est\u00e1 dise\u00f1ado para que os sint\u00e1is en armon\u00eda con la naturaleza y conecten con su esencia. Las vistas panor\u00e1micas, el sonido de las aves y el aire puro hacen que el ambiente sea ideal para relajarse y disfrutar de una sesi\u00f3n de fotos \u00fanica<\/span><br \/>\n[\/et_pb_blurb][\/et_pb_column][\/et_pb_row][\/et_pb_section][et_pb_section fb_built=\u00bb1&#8243; module_id=\u00bbservicios\u00bb _builder_version=\u00bb4.18.0&#8243; _module_preset=\u00bbdefault\u00bb global_colors_info=\u00bb{}\u00bb][et_pb_row _builder_version=\u00bb4.18.0&#8243; _module_preset=\u00bbdefault\u00bb global_colors_info=\u00bb{}\u00bb][et_pb_column type=\u00bb4_4&#8243; _builder_version=\u00bb4.18.0&#8243; _module_preset=\u00bbdefault\u00bb global_colors_info=\u00bb{}\u00bb][et_pb_text _builder_version=\u00bb4.18.0&#8243; _module_preset=\u00bbdefault\u00bb header_2_font=\u00bb|700|||||||\u00bb header_2_font_size=\u00bb42px\u00bb custom_padding=\u00bb76px|||||\u00bb global_colors_info=\u00bb{}\u00bb]<\/p>\n<h2 style=\"text-align: center;\">\u00a1Que empiece la diversi\u00f3n!<\/h2>\n<p>[\/et_pb_text][et_pb_text _builder_version=\u00bb4.18.0&#8243; _module_preset=\u00bbdefault\u00bb header_2_font=\u00bb||||||||\u00bb header_2_font_size=\u00bb22px\u00bb global_colors_info=\u00bb{}\u00bb]<\/p>\n<h2 style=\"text-align: center;\">Encuentra tu reportaje:<\/h2>\n<p>[\/et_pb_text][\/et_pb_column][\/et_pb_row][et_pb_row column_structure=\u00bb1_3,1_3,1_3&#8243; _builder_version=\u00bb4.17.0&#8243; _module_preset=\u00bbdefault\u00bb global_colors_info=\u00bb{}\u00bb][et_pb_column type=\u00bb1_3&#8243; _builder_version=\u00bb4.17.0&#8243; _module_preset=\u00bbdefault\u00bb background_enable_image=\u00bboff\u00bb global_colors_info=\u00bb{}\u00bb][et_pb_blurb title=\u00bbMaternidad\u00bb image=\u00bbhttps:\/\/danilegazfotografo.com\/wp-content\/uploads\/2023\/04\/Reportaje-de-embarazo-en-Vila-seca.jpg\u00bb _builder_version=\u00bb4.18.0&#8243; _module_preset=\u00bbdefault\u00bb global_colors_info=\u00bb{}\u00bb]<span style=\"font-weight: 400;\">Una experiencia muy especial para las futuras mam\u00e1s. En un ambiente relajado y tranquilo, captura la belleza y la emoci\u00f3n de la espera de la personita que est\u00e1 a punto de llegar<\/span>[\/et_pb_blurb][et_pb_button button_url=\u00bb@ET-DC@eyJkeW5hbWljIjp0cnVlLCJjb250ZW50IjoicG9zdF9saW5rX3VybF9wYWdlIiwic2V0dGluZ3MiOnsicG9zdF9pZCI6IjY4In19@\u00bb button_text=\u00bb\u00a1Ver info!\u00bb button_alignment=\u00bbcenter\u00bb _builder_version=\u00bb4.18.0&#8243; _dynamic_attributes=\u00bbbutton_url\u00bb _module_preset=\u00bbdefault\u00bb custom_button=\u00bbon\u00bb button_text_color=\u00bb#FFFFFF\u00bb button_bg_color=\u00bb#bc8f56&#8243; button_icon_color=\u00bb#FFFFFF\u00bb global_colors_info=\u00bb{}\u00bb][\/et_pb_button][\/et_pb_column][et_pb_column type=\u00bb1_3&#8243; _builder_version=\u00bb4.18.0&#8243; _module_preset=\u00bbdefault\u00bb global_colors_info=\u00bb{}\u00bb][et_pb_blurb title=\u00bbnewborn\u00bb image=\u00bbhttps:\/\/danilegazfotografo.com\/wp-content\/uploads\/2023\/04\/Fotografia-de-recien-nacidos-en-Vila-seca-1.jpg\u00bb _builder_version=\u00bb4.18.0&#8243; _module_preset=\u00bbdefault\u00bb global_colors_info=\u00bb{}\u00bb]<span style=\"font-weight: 400;\">Una sesi\u00f3n de fotos emotiva para los padres que acaban de tener un beb\u00e9. Capturando los primeros momentos de vida del reci\u00e9n nacido, im\u00e1genes que reflejan la ternura y la delicadeza.<\/span><br \/>\n[\/et_pb_blurb][et_pb_button button_url=\u00bb@ET-DC@eyJkeW5hbWljIjp0cnVlLCJjb250ZW50IjoicG9zdF9saW5rX3VybF9wYWdlIiwic2V0dGluZ3MiOnsicG9zdF9pZCI6IjY4OSJ9fQ==@\u00bb button_text=\u00bb\u00a1Ver info!\u00bb button_alignment=\u00bbcenter\u00bb _builder_version=\u00bb4.18.0&#8243; _dynamic_attributes=\u00bbbutton_url\u00bb _module_preset=\u00bbdefault\u00bb custom_button=\u00bbon\u00bb button_text_color=\u00bb#FFFFFF\u00bb button_bg_color=\u00bb#bc8f56&#8243; button_icon_color=\u00bb#FFFFFF\u00bb global_colors_info=\u00bb{}\u00bb][\/et_pb_button][\/et_pb_column][et_pb_column type=\u00bb1_3&#8243; _builder_version=\u00bb4.18.0&#8243; _module_preset=\u00bbdefault\u00bb global_colors_info=\u00bb{}\u00bb][et_pb_blurb title=\u00bbSmash Cake\u00bb image=\u00bbhttps:\/\/danilegazfotografo.com\/wp-content\/uploads\/2023\/04\/Sesion-de-smash-cake-en-Tarragona.jpg\u00bb _builder_version=\u00bb4.18.0&#8243; _module_preset=\u00bbdefault\u00bb global_colors_info=\u00bb{}\u00bb]<span style=\"font-weight: 400;\">\u00a1Prep\u00e1rate para una sesi\u00f3n llena de risas y diversi\u00f3n! El reportaje de Smash Cake es perfecto para celebrar el primer cumplea\u00f1os de tu peque\u00f1o\/a. Capturar\u00e9 momentos m\u00e1gicos mientras tu beb\u00e9 explora su pastel y se divierte. \u00a1Ser\u00e1 una sesi\u00f3n que nunca olvidar\u00e1s!<\/span><br \/>\n[\/et_pb_blurb][et_pb_button button_url=\u00bb@ET-DC@eyJkeW5hbWljIjp0cnVlLCJjb250ZW50IjoicG9zdF9saW5rX3VybF9wYWdlIiwic2V0dGluZ3MiOnsicG9zdF9pZCI6Ijg3MiJ9fQ==@\u00bb button_text=\u00bb\u00a1Ver info!\u00bb button_alignment=\u00bbcenter\u00bb _builder_version=\u00bb4.18.0&#8243; _dynamic_attributes=\u00bbbutton_url\u00bb _module_preset=\u00bbdefault\u00bb custom_button=\u00bbon\u00bb button_text_color=\u00bb#FFFFFF\u00bb button_bg_color=\u00bb#bc8f56&#8243; button_icon_color=\u00bb#FFFFFF\u00bb global_colors_info=\u00bb{}\u00bb][\/et_pb_button][\/et_pb_column][\/et_pb_row][et_pb_row column_structure=\u00bb1_3,1_3,1_3&#8243; _builder_version=\u00bb4.18.0&#8243; _module_preset=\u00bbdefault\u00bb global_colors_info=\u00bb{}\u00bb][et_pb_column type=\u00bb1_3&#8243; _builder_version=\u00bb4.18.0&#8243; _module_preset=\u00bbdefault\u00bb global_colors_info=\u00bb{}\u00bb][et_pb_blurb title=\u00bbSeguimiento\u00bb image=\u00bbhttps:\/\/danilegazfotografo.com\/wp-content\/uploads\/2023\/04\/Fotografia-de-bebes-en-Vila-seca-Tarragona.jpg\u00bb _builder_version=\u00bb4.18.0&#8243; _module_preset=\u00bbdefault\u00bb global_colors_info=\u00bb{}\u00bb]<span style=\"font-weight: 400;\">Desde su primera sonrisa hasta sus primeros pasos, no querr\u00e1s perderte ni un solo momento del crecimiento de tu beb\u00e9. Con el seguimiento primer a\u00f1o, tendr\u00e1s la oportunidad de documentar cada hito importante con hermosas fotos que guardar\u00e1s para siempre. \u00a1No te pierdas esta experiencia \u00fanica!<\/span><br \/>\n[\/et_pb_blurb][et_pb_button button_url=\u00bb@ET-DC@eyJkeW5hbWljIjp0cnVlLCJjb250ZW50IjoicG9zdF9saW5rX3VybF9wYWdlIiwic2V0dGluZ3MiOnsicG9zdF9pZCI6IjgzNyJ9fQ==@\u00bb button_text=\u00bb\u00a1Ver info!\u00bb button_alignment=\u00bbcenter\u00bb _builder_version=\u00bb4.18.0&#8243; _dynamic_attributes=\u00bbbutton_url\u00bb _module_preset=\u00bbdefault\u00bb custom_button=\u00bbon\u00bb button_text_color=\u00bb#FFFFFF\u00bb button_bg_color=\u00bb#bc8f56&#8243; button_icon_color=\u00bb#FFFFFF\u00bb global_colors_info=\u00bb{}\u00bb][\/et_pb_button][\/et_pb_column][et_pb_column type=\u00bb1_3&#8243; _builder_version=\u00bb4.18.0&#8243; _module_preset=\u00bbdefault\u00bb global_colors_info=\u00bb{}\u00bb][et_pb_blurb title=\u00bbFamilia\u00bb image=\u00bbhttps:\/\/danilegazfotografo.com\/wp-content\/uploads\/2023\/06\/reportaje-fotografico-familiar-tarragona-dani-legaz.jpg\u00bb _builder_version=\u00bb4.18.0&#8243; _module_preset=\u00bbdefault\u00bb global_colors_info=\u00bb{}\u00bb]<span style=\"font-weight: 400;\">Una experiencia en la que podr\u00e1s conectar con la naturaleza y tu esencia m\u00e1s pura mientras te diviertes y creas recuerdos inolvidables junto a tu familia en la granja-estudio.<\/span><br \/>\n[\/et_pb_blurb][et_pb_button button_url=\u00bb@ET-DC@eyJkeW5hbWljIjp0cnVlLCJjb250ZW50IjoicG9zdF9saW5rX3VybF9wYWdlIiwic2V0dGluZ3MiOnsicG9zdF9pZCI6Ijc3MSJ9fQ==@\u00bb button_text=\u00bb\u00a1Ver info!\u00bb button_alignment=\u00bbcenter\u00bb _builder_version=\u00bb4.18.0&#8243; _dynamic_attributes=\u00bbbutton_url\u00bb _module_preset=\u00bbdefault\u00bb custom_button=\u00bbon\u00bb button_text_color=\u00bb#FFFFFF\u00bb button_bg_color=\u00bb#bc8f56&#8243; button_icon_color=\u00bb#FFFFFF\u00bb global_colors_info=\u00bb{}\u00bb][\/et_pb_button][\/et_pb_column][et_pb_column type=\u00bb1_3&#8243; _builder_version=\u00bb4.18.0&#8243; _module_preset=\u00bbdefault\u00bb global_colors_info=\u00bb{}\u00bb][et_pb_blurb title=\u00bbComuniones y sesiones nine\u00bb image=\u00bbhttps:\/\/danilegazfotografo.com\/wp-content\/uploads\/2023\/05\/reportaje-comunion-tarragona.jpg\u00bb _builder_version=\u00bb4.18.0&#8243; _module_preset=\u00bbdefault\u00bb inline_fonts=\u00bbABeeZee\u00bb global_colors_info=\u00bb{}\u00bb]<span style=\"font-family: inherit; font-weight: normal;\">Los reportajes fotogr\u00e1ficos de comuni\u00f3n son mucho m\u00e1s que unas simples fotos. Se hacen en esa \u00e9poca de nuestros hijos en la que todavia tienen esa inocencia infantil. <\/span><br \/>\n[\/et_pb_blurb][et_pb_button button_url=\u00bb@ET-DC@eyJkeW5hbWljIjp0cnVlLCJjb250ZW50IjoicG9zdF9saW5rX3VybF9wYWdlIiwic2V0dGluZ3MiOnsicG9zdF9pZCI6Ijg5MCJ9fQ==@\u00bb button_text=\u00bb\u00a1Ver info!\u00bb button_alignment=\u00bbcenter\u00bb _builder_version=\u00bb4.18.0&#8243; _dynamic_attributes=\u00bbbutton_url\u00bb _module_preset=\u00bbdefault\u00bb custom_button=\u00bbon\u00bb button_text_color=\u00bb#FFFFFF\u00bb button_bg_color=\u00bb#bc8f56&#8243; button_icon_color=\u00bb#FFFFFF\u00bb global_colors_info=\u00bb{}\u00bb][\/et_pb_button][\/et_pb_column][\/et_pb_row][et_pb_row column_structure=\u00bb1_3,1_3,1_3&#8243; _builder_version=\u00bb4.18.0&#8243; _module_preset=\u00bbdefault\u00bb global_colors_info=\u00bb{}\u00bb][et_pb_column type=\u00bb1_3&#8243; _builder_version=\u00bb4.18.0&#8243; _module_preset=\u00bbdefault\u00bb global_colors_info=\u00bb{}\u00bb][et_pb_blurb title=\u00bbNAVIDAD\u00bb image=\u00bbhttps:\/\/danilegazfotografo.com\/wp-content\/uploads\/2024\/09\/2DL1840.jpg\u00bb _builder_version=\u00bb4.26.0&#8243; _module_preset=\u00bbdefault\u00bb inline_fonts=\u00bbABeeZee\u00bb global_colors_info=\u00bb{}\u00bb]<span style=\"font-family: inherit; font-weight: normal;\">La \u00e9poca en la que una imagen, vale mas que mil palabras para desear todo lo mejor a los tuyos. Hacemos sesiones con decorados exclusivos, en exterior desde septiembre y en el estudio desde octubre&#8230;No te los pierdas.<\/span><br \/>\n[\/et_pb_blurb][et_pb_button button_url=\u00bbhttps:\/\/danilegazfotografo.com\/reportajes-navidad-vila-seca-tarragona\/\u00bb button_text=\u00bb\u00a1Ver info!\u00bb button_alignment=\u00bbcenter\u00bb _builder_version=\u00bb4.26.0&#8243; _module_preset=\u00bbdefault\u00bb custom_button=\u00bbon\u00bb button_text_color=\u00bb#FFFFFF\u00bb button_bg_color=\u00bb#bc8f56&#8243; button_icon_color=\u00bb#FFFFFF\u00bb global_colors_info=\u00bb{}\u00bb][\/et_pb_button][\/et_pb_column][et_pb_column type=\u00bb1_3&#8243; _builder_version=\u00bb4.18.0&#8243; _module_preset=\u00bbdefault\u00bb global_colors_info=\u00bb{}\u00bb][et_pb_blurb title=\u00bbTARJETAS REGALO\u00bb image=\u00bbhttps:\/\/danilegazfotografo.com\/wp-content\/uploads\/2023\/06\/tarjeta-regalo-sesion-fotos-familia.jpg\u00bb _builder_version=\u00bb4.18.0&#8243; _module_preset=\u00bbdefault\u00bb global_colors_info=\u00bb{}\u00bb]<span style=\"font-family: inherit; font-weight: normal;\" data-sheets-value=\"{&quot;1&quot;:2,&quot;2&quot;:&quot;Porque regalamos siempre lo mismo...Perfumes, calcetines o bufandas. En estos tiempos en que las fotos de la familia se quedan en la nube, no crees que un buen regalo para mam\u00e1 o pap\u00e1, para esos abuelos que siempre est\u00e1n o para esos amigos que van a tener una criatura, podr\u00eda ser una sesi\u00f3n diferente para recordar para siempre.&quot;}\" data-sheets-userformat=\"{&quot;2&quot;:33559489,&quot;3&quot;:{&quot;1&quot;:0},&quot;9&quot;:0,&quot;10&quot;:1,&quot;11&quot;:3,&quot;12&quot;:0,&quot;15&quot;:&quot;Montserrat&quot;,&quot;28&quot;:1}\">Porque regalamos siempre lo mismo&#8230; Perfumes, calcetines o bufandas. En estos tiempos en que las fotos de la familia se quedan en la nube, no crees que un buen regalo para mam\u00e1 o pap\u00e1, para esos abuelos que siempre est\u00e1n o para esos amigos que van a tener una criatura, podr\u00eda ser una sesi\u00f3n diferente para recordar para siempre.<\/span><br \/>\n[\/et_pb_blurb][et_pb_button button_url=\u00bb@ET-DC@eyJkeW5hbWljIjp0cnVlLCJjb250ZW50IjoicG9zdF9saW5rX3VybF9wYWdlIiwic2V0dGluZ3MiOnsicG9zdF9pZCI6IjEyMDUifX0=@\u00bb button_text=\u00bb\u00a1Ver info!\u00bb button_alignment=\u00bbcenter\u00bb _builder_version=\u00bb4.18.0&#8243; _dynamic_attributes=\u00bbbutton_url\u00bb _module_preset=\u00bbdefault\u00bb custom_button=\u00bbon\u00bb button_text_color=\u00bb#FFFFFF\u00bb button_bg_color=\u00bb#bc8f56&#8243; button_icon_color=\u00bb#FFFFFF\u00bb global_colors_info=\u00bb{}\u00bb][\/et_pb_button][\/et_pb_column][et_pb_column type=\u00bb1_3&#8243; _builder_version=\u00bb4.18.0&#8243; _module_preset=\u00bbdefault\u00bb global_colors_info=\u00bb{}\u00bb][et_pb_blurb title=\u00bbTus eventos y fiestas\u00bb image=\u00bbhttps:\/\/danilegazfotografo.com\/wp-content\/uploads\/2023\/07\/Fotografia-eventos-tarragona6.jpg\u00bb _builder_version=\u00bb4.18.0&#8243; _module_preset=\u00bbdefault\u00bb inline_fonts=\u00bbABeeZee\u00bb global_colors_info=\u00bb{}\u00bb]<span style=\"font-family: inherit; font-weight: normal;\" data-sheets-value=\"{&quot;1&quot;:2,&quot;2&quot;:&quot;Tambi\u00e9n nos encanta acompa\u00f1aros en esos momentos especiales en la vida de nuestras familias en los que organizamos fiestas \u00fanicas e irrepetibles. Son eventos en los que avocamos dinero e ilusi\u00f3n...Por muy poquito, podr\u00e1s recordar y presumir de esos momentos para siempre, con la calidad que tu mereces.&quot;}\" data-sheets-userformat=\"{&quot;2&quot;:33559489,&quot;3&quot;:{&quot;1&quot;:0},&quot;9&quot;:0,&quot;10&quot;:1,&quot;11&quot;:3,&quot;12&quot;:0,&quot;15&quot;:&quot;Montserrat&quot;,&quot;28&quot;:1}\">Tambi\u00e9n nos encanta acompa\u00f1aros en esos momentos especiales en la vida de nuestras familias en los que organizamos fiestas \u00fanicas e irrepetibles. Son eventos en los que avocamos dinero e ilusi\u00f3n&#8230;Por muy poquito, podr\u00e1s recordar y presumir de esos momentos para siempre, con la calidad que tu mereces.<\/span><br \/>\n[\/et_pb_blurb][et_pb_button button_url=\u00bb@ET-DC@eyJkeW5hbWljIjp0cnVlLCJjb250ZW50IjoicG9zdF9saW5rX3VybF9wYWdlIiwic2V0dGluZ3MiOnsicG9zdF9pZCI6IjEyMTAifX0=@\u00bb button_text=\u00bb\u00a1Ver info!\u00bb button_alignment=\u00bbcenter\u00bb _builder_version=\u00bb4.18.0&#8243; _dynamic_attributes=\u00bbbutton_url\u00bb _module_preset=\u00bbdefault\u00bb custom_button=\u00bbon\u00bb button_text_color=\u00bb#FFFFFF\u00bb button_bg_color=\u00bb#bc8f56&#8243; button_icon_color=\u00bb#FFFFFF\u00bb global_colors_info=\u00bb{}\u00bb][\/et_pb_button][\/et_pb_column][\/et_pb_row][\/et_pb_section][et_pb_section fb_built=\u00bb1&#8243; admin_label=\u00bbTestimonial Section\u00bb _builder_version=\u00bb4.16&#8243; _module_preset=\u00bbdefault\u00bb custom_margin=\u00bb-31px|||||\u00bb custom_padding=\u00bb0px||110px|||\u00bb global_colors_info=\u00bb{}\u00bb][et_pb_row admin_label=\u00bbTestimonial Title\u00bb _builder_version=\u00bb4.16&#8243; _module_preset=\u00bbdefault\u00bb custom_margin=\u00bb|||\u00bb animation_style=\u00bbfade\u00bb global_colors_info=\u00bb{}\u00bb][et_pb_column type=\u00bb4_4&#8243; _builder_version=\u00bb4.16&#8243; _module_preset=\u00bbdefault\u00bb custom_padding=\u00bb|||\u00bb global_colors_info=\u00bb{}\u00bb custom_padding__hover=\u00bb|||\u00bb][et_pb_text _builder_version=\u00bb4.18.0&#8243; _module_preset=\u00bbdefault\u00bb text_font=\u00bbMontserrat|on||on|\u00bb text_text_color=\u00bb#353740&#8243; text_font_size=\u00bb42px\u00bb text_line_height=\u00bb1.2em\u00bb text_orientation=\u00bbcenter\u00bb max_width=\u00bb700px\u00bb module_alignment=\u00bbcenter\u00bb global_colors_info=\u00bb{}\u00bb]<b>Opiniones de primera mano<\/b><br \/>\n[\/et_pb_text][et_pb_text admin_label=\u00bbSubtitle\u00bb _builder_version=\u00bb4.16&#8243; _module_preset=\u00bbdefault\u00bb text_font=\u00bbMontserrat||||\u00bb text_text_color=\u00bb#747d88&#8243; text_line_height=\u00bb1.8em\u00bb text_orientation=\u00bbcenter\u00bb max_width=\u00bb600px\u00bb module_alignment=\u00bbcenter\u00bb custom_margin=\u00bb|||\u00bb global_colors_info=\u00bb{}\u00bb]Testimonios de clientes felices<br \/>\n[\/et_pb_text][\/et_pb_column][\/et_pb_row][et_pb_row column_structure=\u00bb1_2,1_2&#8243; admin_label=\u00bbTestimonial\u00bb _builder_version=\u00bb4.16&#8243; _module_preset=\u00bbdefault\u00bb custom_padding=\u00bb|||\u00bb global_colors_info=\u00bb{}\u00bb][et_pb_column type=\u00bb1_2&#8243; _builder_version=\u00bb4.16&#8243; _module_preset=\u00bbdefault\u00bb custom_padding=\u00bb|||\u00bb global_colors_info=\u00bb{}\u00bb custom_padding__hover=\u00bb|||\u00bb][et_pb_testimonial author=\u00bbMontse Martorell\u00bb job_title=\u00bbGoogle\u00bb company_name=\u00bbVer rese\u00f1a\u00bb url=\u00bbhttps:\/\/g.co\/kgs\/GSPXQBQ\u00bb _builder_version=\u00bb4.27.4&#8243; _module_preset=\u00bbdefault\u00bb body_font=\u00bbMontserrat||||\u00bb body_text_color=\u00bb#747d88&#8243; body_line_height=\u00bb1.8em\u00bb use_background_color=\u00bboff\u00bb custom_margin=\u00bb0px||||false|false\u00bb custom_padding=\u00bb40px|40px|40px|40px|false|false\u00bb animation_style=\u00bbslide\u00bb animation_direction=\u00bbleft\u00bb animation_intensity_slide=\u00bb20%\u00bb box_shadow_style=\u00bbpreset2&#8243; global_colors_info=\u00bb{}\u00bb]<\/p>\n<p>Recientemente tuvimos la maravillosa experiencia de trabajar con Dani Legaz para una sesi\u00f3n de fotos familiares, y no podr\u00edamos estar m\u00e1s contentos con el resultado. Desde el principio, Dani demostr\u00f3 una incre\u00edble paciencia y habilidad para captar la atenci\u00f3n de nuestros hijos, incluyendo a nuestro beb\u00e9 y a nuestro hijo \u201cmayor\u201d. La sesi\u00f3n fue relajada y divertida, lo que permiti\u00f3 que todos nos sinti\u00e9ramos c\u00f3modos y naturales frente a la c\u00e1mara. Dani tiene un talento especial para capturar esos momentos espont\u00e1neos y genuinos que reflejan la verdadera esencia de nuestra familia.El resultado final fue simplemente espectacular. Las fotos son de una calidad impresionante y cada una de ellas cuenta una historia. Dani Legaz logr\u00f3 inmortalizar nuestros momentos m\u00e1s preciados de una manera hermosa y art\u00edstica.Recomendamos encarecidamente a Legaz a cualquier familia que busque no solo fotos incre\u00edbles, sino tambi\u00e9n una experiencia memorable y agradable durante la sesi\u00f3n. \u00a1No podemos esperar para trabajar con \u00e9l nuevamente en el futuro!<\/p>\n<p>[\/et_pb_testimonial][et_pb_testimonial author=\u00bbGisela Castel\u00bb job_title=\u00bbGoogle\u00bb company_name=\u00bbVer rese\u00f1a\u00bb url=\u00bbhttps:\/\/g.co\/kgs\/zhL2qTe\u00bb _builder_version=\u00bb4.26.0&#8243; _module_preset=\u00bbdefault\u00bb body_font=\u00bbMontserrat||||\u00bb body_text_color=\u00bb#747d88&#8243; body_line_height=\u00bb1.8em\u00bb use_background_color=\u00bboff\u00bb custom_margin=\u00bb0px||||false|false\u00bb custom_padding=\u00bb40px|40px|40px|40px|false|false\u00bb animation_style=\u00bbslide\u00bb animation_direction=\u00bbleft\u00bb animation_intensity_slide=\u00bb20%\u00bb box_shadow_style=\u00bbpreset2&#8243; global_colors_info=\u00bb{}\u00bb]Dani y su preciosa casita son magia!<br \/>\nEstamos muy contentos del resultado de nuestra sesi\u00f3n fuimos con el peque y no nos pueden encantar m\u00e1s las fotos. Dani es un amor y un gran profesional. Nos hemos sentido como en casa y nos ha transmitido esa manera de mirar y capturar momentos s\u00faper bonitos por el visor de la c\u00e1mara. Gracias por regalarnos este pedazo de recuerdo que es para toda la vida!<br \/>\nVolveremos 100%\u2764\ufe0f<br \/>\n[\/et_pb_testimonial][et_pb_testimonial author=\u00bbMar\u00eda Corzo\u00bb job_title=\u00bbGoogle\u00bb company_name=\u00bbVer rese\u00f1a\u00bb url=\u00bbhttps:\/\/g.co\/kgs\/CKarv2e\u00bb _builder_version=\u00bb4.26.0&#8243; _module_preset=\u00bbdefault\u00bb body_font=\u00bbMontserrat||||\u00bb body_text_color=\u00bb#747d88&#8243; body_line_height=\u00bb1.8em\u00bb use_background_color=\u00bboff\u00bb custom_padding=\u00bb40px|40px|40px|40px|true|true\u00bb animation_style=\u00bbslide\u00bb animation_direction=\u00bbright\u00bb animation_intensity_slide=\u00bb20%\u00bb box_shadow_style=\u00bbpreset2&#8243; global_colors_info=\u00bb{}\u00bb]Nos encant\u00f3 la sesi\u00f3n de fotos, nos sentimos en casa y la verdad las ni\u00f1as lo disfrutaron. Dani hace que sea especial y es muy atento y cari\u00f1oso con los peques. Es una experiencia que recomiendo con los ojos cerrados.<br \/>\n[\/et_pb_testimonial][et_pb_testimonial author=\u00bbSara Garc\u00eda\u00bb job_title=\u00bbGoogle\u00bb company_name=\u00bbVer rese\u00f1a\u00bb url=\u00bbhttps:\/\/g.co\/kgs\/d1T34w4&#8243; _builder_version=\u00bb4.26.0&#8243; _module_preset=\u00bbdefault\u00bb body_font=\u00bbMontserrat||||\u00bb body_text_color=\u00bb#747d88&#8243; body_line_height=\u00bb1.8em\u00bb use_background_color=\u00bboff\u00bb custom_padding=\u00bb40px|40px|40px|40px|false|false\u00bb animation_style=\u00bbslide\u00bb animation_direction=\u00bbleft\u00bb animation_intensity_slide=\u00bb20%\u00bb box_shadow_style=\u00bbpreset2&#8243; global_colors_info=\u00bb{}\u00bb]Gran profesional. Dani Legaz sabe captar todos aquellos momentos, gestos, de forma espont\u00e1nea. Ahora adem\u00e1s no solo cuenta con su estudio, tiene todo un espacio donde grandes y peque\u00f1os pueden disfrutar mientras \u00e9l se encarga de recoger todos esos momentos.<br \/>\n[\/et_pb_testimonial][\/et_pb_column][et_pb_column type=\u00bb1_2&#8243; _builder_version=\u00bb4.16&#8243; _module_preset=\u00bbdefault\u00bb custom_padding=\u00bb|||\u00bb global_colors_info=\u00bb{}\u00bb custom_padding__hover=\u00bb|||\u00bb][et_pb_testimonial author=\u00bbAna Rodriguez \u00bb job_title=\u00bbSesi\u00f3n de Comuni\u00f3n\u00bb url=\u00bbhttps:\/\/g.co\/kgs\/dxb6Rx7&#8243; _builder_version=\u00bb4.27.4&#8243; _module_preset=\u00bbdefault\u00bb body_font=\u00bbMontserrat||||\u00bb body_text_color=\u00bb#747d88&#8243; body_line_height=\u00bb1.8em\u00bb use_background_color=\u00bboff\u00bb custom_padding=\u00bb40px|40px|40px|40px|false|false\u00bb animation_style=\u00bbslide\u00bb animation_direction=\u00bbleft\u00bb animation_intensity_slide=\u00bb20%\u00bb box_shadow_style=\u00bbpreset2&#8243; global_colors_info=\u00bb{}\u00bb]<\/p>\n<div style=\"width: 1080px;\" class=\"wp-video\"><!--[if lt IE 9]><script>document.createElement('video');<\/script><![endif]-->\n<video class=\"wp-video-shortcode\" id=\"video-37-1\" width=\"1080\" height=\"1920\" preload=\"metadata\" controls=\"controls\"><source type=\"video\/mp4\" src=\"https:\/\/danilegazfotografo.com\/wp-content\/uploads\/2025\/05\/lv_0_20250506122731.mp4?_=1\" \/><a href=\"https:\/\/danilegazfotografo.com\/wp-content\/uploads\/2025\/05\/lv_0_20250506122731.mp4\">https:\/\/danilegazfotografo.com\/wp-content\/uploads\/2025\/05\/lv_0_20250506122731.mp4<\/a><\/video><\/div>\n<p>[\/et_pb_testimonial][et_pb_testimonial author=\u00bbAriadna Hierro\u00bb job_title=\u00bbGoogle\u00bb company_name=\u00bbVer rese\u00f1a\u00bb url=\u00bbhttps:\/\/g.co\/kgs\/dxb6Rx7&#8243; _builder_version=\u00bb4.26.0&#8243; _module_preset=\u00bbdefault\u00bb body_font=\u00bbMontserrat||||\u00bb body_text_color=\u00bb#747d88&#8243; body_line_height=\u00bb1.8em\u00bb use_background_color=\u00bboff\u00bb custom_padding=\u00bb40px|40px|40px|40px|false|false\u00bb animation_style=\u00bbslide\u00bb animation_direction=\u00bbleft\u00bb animation_intensity_slide=\u00bb20%\u00bb box_shadow_style=\u00bbpreset2&#8243; global_colors_info=\u00bb{}\u00bb]Una sesi\u00f3n de fotos de revista! Dani es un gran profesional, hemos pasado una tarde super divertida y nos llevamos unos recuerdos de navidad en familia buscando al ti\u00f3 espectaculares!<br \/>\nMuchas gracias!<br \/>\n[\/et_pb_testimonial][et_pb_testimonial author=\u00bbMarta Lorenzo\u00bb job_title=\u00bbGoogle\u00bb company_name=\u00bbVer rese\u00f1a\u00bb url=\u00bbhttps:\/\/g.co\/kgs\/LQwWjvs\u00bb _builder_version=\u00bb4.26.0&#8243; _module_preset=\u00bbdefault\u00bb body_font=\u00bbMontserrat||||\u00bb body_text_color=\u00bb#747d88&#8243; body_line_height=\u00bb1.8em\u00bb use_background_color=\u00bboff\u00bb custom_padding=\u00bb40px|40px|40px|40px|false|false\u00bb animation_style=\u00bbslide\u00bb animation_direction=\u00bbleft\u00bb animation_intensity_slide=\u00bb20%\u00bb box_shadow_style=\u00bbpreset2&#8243; global_colors_info=\u00bb{}\u00bb]Desde que entramos en el estudio de Dani Legaz, supimos que est\u00e1bamos en buenas manos. Las fotos van m\u00e1s all\u00e1 de nuestras expectativas, tienen una calidad fotogr\u00e1fica impecable, un estilo \u00fanico y emotivo.<br \/>\nEl estudio es un espacio precioso y limpio, decorado con mucho mimo y buen gusto.<br \/>\n\u00a1Altamente recomendable!<br \/>\n[\/et_pb_testimonial][et_pb_testimonial author=\u00bbJos\u00e9 \u00c1ngel Guerrero\u00bb job_title=\u00bbGoogle\u00bb company_name=\u00bbVer rese\u00f1a\u00bb url=\u00bbhttps:\/\/g.co\/kgs\/mTbft3X\u00bb _builder_version=\u00bb4.26.0&#8243; _module_preset=\u00bbdefault\u00bb body_font=\u00bbMontserrat||||\u00bb body_text_color=\u00bb#747d88&#8243; body_line_height=\u00bb1.8em\u00bb use_background_color=\u00bboff\u00bb custom_padding=\u00bb40px|40px|40px|40px|false|true\u00bb animation_style=\u00bbslide\u00bb animation_direction=\u00bbright\u00bb animation_intensity_slide=\u00bb20%\u00bb box_shadow_style=\u00bbpreset2&#8243; global_colors_info=\u00bb{}\u00bb]5 estrellas porque no hay mas! Un gran profesional, nos hizo unas fotos de nuestra peque preciosas. Lo recomiendo 100%. Nos hizo sentir como en casa con el estudio tan precioso que tiene, un lugar magnifico.<br \/>\n[\/et_pb_testimonial][\/et_pb_column][\/et_pb_row][\/et_pb_section][et_pb_section fb_built=\u00bb1&#8243; admin_label=\u00bbFun Fact Section\u00bb _builder_version=\u00bb4.18.0&#8243; background_color=\u00bbrgba(188,143,86,0.22)\u00bb custom_margin=\u00bb|||\u00bb custom_padding=\u00bb60px||25px|||\u00bb global_colors_info=\u00bb{}\u00bb][et_pb_row admin_label=\u00bbService Section Title\u00bb _builder_version=\u00bb4.16&#8243; custom_margin=\u00bb||40px|\u00bb animation_style=\u00bbfade\u00bb animation_direction=\u00bbtop\u00bb saved_tabs=\u00bball\u00bb global_colors_info=\u00bb{}\u00bb][et_pb_column type=\u00bb4_4&#8243; _builder_version=\u00bb4.16&#8243; custom_padding=\u00bb|||\u00bb global_colors_info=\u00bb{}\u00bb custom_padding__hover=\u00bb|||\u00bb][et_pb_text admin_label=\u00bbTitle\u00bb _builder_version=\u00bb4.18.0&#8243; text_font=\u00bbMontserrat||||||||\u00bb text_text_color=\u00bb#747d88&#8243; text_line_height=\u00bb1.9em\u00bb header_font=\u00bb||||||||\u00bb header_2_font=\u00bbMontserrat|700||on|||||\u00bb header_2_font_size=\u00bb42px\u00bb header_2_line_height=\u00bb1.3em\u00bb text_orientation=\u00bbcenter\u00bb module_alignment=\u00bbcenter\u00bb animation_style=\u00bbslide\u00bb animation_direction=\u00bbbottom\u00bb animation_intensity_slide=\u00bb4%\u00bb global_colors_info=\u00bb{}\u00bb]<\/p>\n<h2>Fotograf\u00eda = Para siempre<\/h2>\n<p>[\/et_pb_text][et_pb_text admin_label=\u00bbSubtitle\u00bb _builder_version=\u00bb4.18.0&#8243; text_font=\u00bbMontserrat||||\u00bb text_text_color=\u00bb#353740&#8243; text_line_height=\u00bb1.8em\u00bb header_font=\u00bb||||||||\u00bb text_orientation=\u00bbcenter\u00bb module_alignment=\u00bbcenter\u00bb custom_margin=\u00bb|||\u00bb animation_style=\u00bbslide\u00bb animation_direction=\u00bbbottom\u00bb animation_delay=\u00bb100ms\u00bb animation_intensity_slide=\u00bb4%\u00bb inline_fonts=\u00bbAbhaya Libre\u00bb global_colors_info=\u00bb{}\u00bb]Diariamente escribimos nuestra historia, cada instante representa nuestro ser. El<br \/>\ntiempo avanza.<\/p>\n<p><strong>\u00a1Captura momentos especiales!<\/strong><\/p>\n<p>Cada d\u00eda que pasa, se construye la historia de nuestra vida, momentos \u00fanicos que no<br \/>\nvuelven. <strong>La fotograf\u00eda es un tesoro<\/strong> para preservar esas memorias.<\/p>\n<p><strong>Revive tu infancia<\/strong>, comparte tus <strong>recuerdos<\/strong> con tus seres queridos. Cada <strong>sesi\u00f3n fotogr\u00e1fica<\/strong> es una <strong>oportunidad<\/strong> para crear un legado, capturando momentos especiales como embarazos, familias, cumplea\u00f1os y comuniones. No esperes m\u00e1s, inmortaliza <strong>tus recuerdos en fotograf\u00edas<\/strong> de alta calidad que perdurar\u00e1n para siempre.<br \/>\n[\/et_pb_text][\/et_pb_column][\/et_pb_row][\/et_pb_section][et_pb_section fb_built=\u00bb1&#8243; admin_label=\u00bbContact Form Section\u00bb _builder_version=\u00bb4.18.0&#8243; _module_preset=\u00bbdefault\u00bb background_color=\u00bb#FFFFFF\u00bb custom_padding=\u00bb110px||110px|\u00bb animation_style=\u00bbzoom\u00bb animation_direction=\u00bbbottom\u00bb animation_intensity_zoom=\u00bb10%\u00bb global_module=\u00bb85&#8243; saved_tabs=\u00bball\u00bb global_colors_info=\u00bb{}\u00bb][et_pb_row admin_label=\u00bbService Section Title\u00bb _builder_version=\u00bb4.16&#8243; _module_preset=\u00bbdefault\u00bb custom_margin=\u00bb||40px|\u00bb animation_style=\u00bbfade\u00bb animation_direction=\u00bbtop\u00bb locked=\u00bboff\u00bb global_colors_info=\u00bb{}\u00bb][et_pb_column type=\u00bb4_4&#8243; _builder_version=\u00bb4.16&#8243; _module_preset=\u00bbdefault\u00bb custom_padding=\u00bb|||\u00bb global_colors_info=\u00bb{}\u00bb custom_padding__hover=\u00bb|||\u00bb][et_pb_text admin_label=\u00bbTitle\u00bb _builder_version=\u00bb4.16&#8243; _module_preset=\u00bbdefault\u00bb text_font=\u00bbMontserrat||||||||\u00bb text_text_color=\u00bb#747d88&#8243; text_line_height=\u00bb1.9em\u00bb header_font=\u00bb||||||||\u00bb header_2_font=\u00bbMontserrat|700||on|||||\u00bb header_2_font_size=\u00bb42px\u00bb header_2_line_height=\u00bb1.3em\u00bb background_size=\u00bbinitial\u00bb background_position=\u00bbtop_left\u00bb background_repeat=\u00bbrepeat\u00bb text_orientation=\u00bbcenter\u00bb max_width=\u00bb700px\u00bb module_alignment=\u00bbcenter\u00bb animation_style=\u00bbslide\u00bb animation_direction=\u00bbbottom\u00bb animation_intensity_slide=\u00bb4%\u00bb global_colors_info=\u00bb{}\u00bb]<\/p>\n<h2>\u00bfalguna pregunta?<br \/><span style=\"color: #fff;\">\u00a1<span style=\"color: #bc8f56;\">Hola<\/span>!<\/span><\/h2>\n<p>[\/et_pb_text][et_pb_text admin_label=\u00bbSubtitle\u00bb _builder_version=\u00bb4.17.0&#8243; _module_preset=\u00bbdefault\u00bb text_font=\u00bbMontserrat||||\u00bb text_text_color=\u00bb#353740&#8243; text_line_height=\u00bb1.8em\u00bb link_text_color=\u00bb#000000&#8243; header_font=\u00bb||||||||\u00bb background_size=\u00bbinitial\u00bb background_position=\u00bbtop_left\u00bb background_repeat=\u00bbrepeat\u00bb text_orientation=\u00bbcenter\u00bb max_width=\u00bb700px\u00bb module_alignment=\u00bbcenter\u00bb custom_margin=\u00bb|||\u00bb animation_style=\u00bbslide\u00bb animation_direction=\u00bbbottom\u00bb animation_delay=\u00bb100ms\u00bb animation_intensity_slide=\u00bb4%\u00bb global_colors_info=\u00bb{}\u00bb]<\/p>\n<p><span style=\"font-weight: 400;\">\u00bfQuieres tener un recuerdo \u00fanico de tu familia en un entorno natural y acogedor? \u00a1Cont\u00e1ctame a trav\u00e9s del cuestionario o escr\u00edbeme a info@danilegazfotografo.com<\/span><\/p>\n<p>[\/et_pb_text][\/et_pb_column][\/et_pb_row][et_pb_row admin_label=\u00bbContact Form\u00bb _builder_version=\u00bb4.16&#8243; _module_preset=\u00bbdefault\u00bb animation_style=\u00bbfade\u00bb global_colors_info=\u00bb{}\u00bb][et_pb_column type=\u00bb4_4&#8243; _builder_version=\u00bb4.16&#8243; _module_preset=\u00bbdefault\u00bb custom_padding=\u00bb|||\u00bb global_colors_info=\u00bb{}\u00bb custom_padding__hover=\u00bb|||\u00bb][et_pb_contact_form captcha=\u00bboff\u00bb email=\u00bbinfo@danilegazfotografo.com\u00bb success_message=\u00bb\u00a1Gracias por escribirme! Te responder\u00e9 lo antes posible\u00bb submit_button_text=\u00bbEnviar\u00bb module_id=\u00bbet_pb_contact_form_0&#8243; _builder_version=\u00bb4.18.0&#8243; _module_preset=\u00bbdefault\u00bb form_field_background_color=\u00bbrgba(10,10,10,0.03)\u00bb form_field_text_color=\u00bb#353740&#8243; captcha_text_color=\u00bb#000000&#8243; form_field_font=\u00bbMontserrat||||\u00bb form_field_font_size=\u00bb16px\u00bb background_color=\u00bbRGBA(255,255,255,0)\u00bb custom_button=\u00bbon\u00bb button_text_color=\u00bb#000000&#8243; button_border_width=\u00bb5px\u00bb button_border_color=\u00bb#ffffff\u00bb button_border_radius=\u00bb100px\u00bb button_letter_spacing=\u00bb2px\u00bb button_font=\u00bbMontserrat|on||on|\u00bb button_icon=\u00bb&#x45;||divi||400&#8243; button_icon_color=\u00bb#ffffff\u00bb max_width=\u00bb800px\u00bb module_alignment=\u00bbcenter\u00bb animation_style=\u00bbfade\u00bb form_background_color=\u00bbrgba(255,255,255,0)\u00bb global_colors_info=\u00bb{}\u00bb][et_pb_contact_field field_id=\u00bbName\u00bb field_title=\u00bbNombre\u00bb fullwidth_field=\u00bbon\u00bb _builder_version=\u00bb4.17.0&#8243; _module_preset=\u00bbdefault\u00bb global_colors_info=\u00bb{}\u00bb button_text_size__hover_enabled=\u00bboff\u00bb button_one_text_size__hover_enabled=\u00bboff\u00bb button_two_text_size__hover_enabled=\u00bboff\u00bb button_text_color__hover_enabled=\u00bboff\u00bb button_one_text_color__hover_enabled=\u00bboff\u00bb button_two_text_color__hover_enabled=\u00bboff\u00bb button_border_width__hover_enabled=\u00bboff\u00bb button_one_border_width__hover_enabled=\u00bboff\u00bb button_two_border_width__hover_enabled=\u00bboff\u00bb button_border_color__hover_enabled=\u00bboff\u00bb button_one_border_color__hover_enabled=\u00bboff\u00bb button_two_border_color__hover_enabled=\u00bboff\u00bb button_border_radius__hover_enabled=\u00bboff\u00bb button_one_border_radius__hover_enabled=\u00bboff\u00bb button_two_border_radius__hover_enabled=\u00bboff\u00bb button_letter_spacing__hover_enabled=\u00bboff\u00bb button_one_letter_spacing__hover_enabled=\u00bboff\u00bb button_two_letter_spacing__hover_enabled=\u00bboff\u00bb button_bg_color__hover_enabled=\u00bboff\u00bb button_one_bg_color__hover_enabled=\u00bboff\u00bb button_two_bg_color__hover_enabled=\u00bboff\u00bb][\/et_pb_contact_field][et_pb_contact_field field_id=\u00bbEmail\u00bb field_title=\u00bbEmail\u00bb field_type=\u00bbemail\u00bb fullwidth_field=\u00bbon\u00bb _builder_version=\u00bb4.17.0&#8243; _module_preset=\u00bbdefault\u00bb global_colors_info=\u00bb{}\u00bb button_text_size__hover_enabled=\u00bboff\u00bb button_one_text_size__hover_enabled=\u00bboff\u00bb button_two_text_size__hover_enabled=\u00bboff\u00bb button_text_color__hover_enabled=\u00bboff\u00bb button_one_text_color__hover_enabled=\u00bboff\u00bb button_two_text_color__hover_enabled=\u00bboff\u00bb button_border_width__hover_enabled=\u00bboff\u00bb button_one_border_width__hover_enabled=\u00bboff\u00bb button_two_border_width__hover_enabled=\u00bboff\u00bb button_border_color__hover_enabled=\u00bboff\u00bb button_one_border_color__hover_enabled=\u00bboff\u00bb button_two_border_color__hover_enabled=\u00bboff\u00bb button_border_radius__hover_enabled=\u00bboff\u00bb button_one_border_radius__hover_enabled=\u00bboff\u00bb button_two_border_radius__hover_enabled=\u00bboff\u00bb button_letter_spacing__hover_enabled=\u00bboff\u00bb button_one_letter_spacing__hover_enabled=\u00bboff\u00bb button_two_letter_spacing__hover_enabled=\u00bboff\u00bb button_bg_color__hover_enabled=\u00bboff\u00bb button_one_bg_color__hover_enabled=\u00bboff\u00bb button_two_bg_color__hover_enabled=\u00bboff\u00bb][\/et_pb_contact_field][et_pb_contact_field field_id=\u00bbMessage\u00bb field_title=\u00bbMensaje\u00bb field_type=\u00bbtext\u00bb fullwidth_field=\u00bbon\u00bb _builder_version=\u00bb4.17.0&#8243; _module_preset=\u00bbdefault\u00bb custom_margin=\u00bb||60px|\u00bb custom_padding=\u00bb|||\u00bb global_colors_info=\u00bb{}\u00bb button_text_size__hover_enabled=\u00bboff\u00bb button_one_text_size__hover_enabled=\u00bboff\u00bb button_two_text_size__hover_enabled=\u00bboff\u00bb button_text_color__hover_enabled=\u00bboff\u00bb button_one_text_color__hover_enabled=\u00bboff\u00bb button_two_text_color__hover_enabled=\u00bboff\u00bb button_border_width__hover_enabled=\u00bboff\u00bb button_one_border_width__hover_enabled=\u00bboff\u00bb button_two_border_width__hover_enabled=\u00bboff\u00bb button_border_color__hover_enabled=\u00bboff\u00bb button_one_border_color__hover_enabled=\u00bboff\u00bb button_two_border_color__hover_enabled=\u00bboff\u00bb button_border_radius__hover_enabled=\u00bboff\u00bb button_one_border_radius__hover_enabled=\u00bboff\u00bb button_two_border_radius__hover_enabled=\u00bboff\u00bb button_letter_spacing__hover_enabled=\u00bboff\u00bb button_one_letter_spacing__hover_enabled=\u00bboff\u00bb button_two_letter_spacing__hover_enabled=\u00bboff\u00bb button_bg_color__hover_enabled=\u00bboff\u00bb button_one_bg_color__hover_enabled=\u00bboff\u00bb button_two_bg_color__hover_enabled=\u00bboff\u00bb][\/et_pb_contact_field][\/et_pb_contact_form][\/et_pb_column][\/et_pb_row][\/et_pb_section]<\/p>\n","protected":false},"excerpt":{"rendered":"<p>Estudio de fotograf\u00eda Especializado en Familias, Beb\u00e9s, Comuniones e Infantil en Vila-seca, Tarragona Capturando los momentos m\u00e1s especiales de tu vida con fotograf\u00eda profesional \u00bfEst\u00e1s cansada de las t\u00edpicas fotos de estudio y quieres algo m\u00e1s natural y aut\u00e9ntico para tu familia? Captura momentos especiales con fotograf\u00eda de alta calidad en mi estudio en Vila- [&hellip;]<\/p>\n","protected":false},"author":2,"featured_media":0,"parent":0,"menu_order":0,"comment_status":"closed","ping_status":"closed","template":"","meta":{"_et_pb_use_builder":"on","_et_pb_old_content":"","_et_gb_content_width":"","two_page_speed":[],"_joinchat":[],"footnotes":""},"yoast_head":"<!-- This site is optimized with the Yoast SEO plugin v24.3 - https:\/\/yoast.com\/wordpress\/plugins\/seo\/ -->\n<title>Estudio fotogr\u00e1fico especializado en fotograf\u00eda infantil, maternidad, beb\u00e9s y familias en Vila Seca Tarragona | Dani Legaz Fotograf\u00eda<\/title>\n<meta name=\"description\" content=\"En Dani Legaz Fotograf\u00eda, nuestro estudio fotogr\u00e1fico en Vila Seca Tarragona, somos especialistas en capturar los momentos m\u00e1s tiernos y emotivos de la vida de las familias. Ofrecemos reportajes en estudio y exteriores para beb\u00e9s, maternidad, ni\u00f1os y familias. \u00a1Cont\u00e1ctanos para crear juntos un recuerdo inolvidable!\" \/>\n<meta name=\"robots\" content=\"index, follow, max-snippet:-1, max-image-preview:large, max-video-preview:-1\" \/>\n<link rel=\"canonical\" href=\"https:\/\/danilegazfotografo.com\/ca\/\" \/>\n<meta property=\"og:locale\" content=\"ca_ES\" \/>\n<meta property=\"og:type\" content=\"article\" \/>\n<meta property=\"og:title\" content=\"Estudio fotogr\u00e1fico especializado en fotograf\u00eda infantil, maternidad, beb\u00e9s y familias en Vila Seca Tarragona | Dani Legaz Fotograf\u00eda\" \/>\n<meta property=\"og:description\" content=\"En Dani Legaz Fotograf\u00eda, nuestro estudio fotogr\u00e1fico en Vila Seca Tarragona, somos especialistas en capturar los momentos m\u00e1s tiernos y emotivos de la vida de las familias. Ofrecemos reportajes en estudio y exteriores para beb\u00e9s, maternidad, ni\u00f1os y familias. \u00a1Cont\u00e1ctanos para crear juntos un recuerdo inolvidable!\" \/>\n<meta property=\"og:url\" content=\"https:\/\/danilegazfotografo.com\/ca\/\" \/>\n<meta property=\"og:site_name\" content=\"Estudio fotogr\u00e1fico especializado en fotograf\u00eda infantil, maternidad, beb\u00e9s y familias en Vila Seca Tarragona | Dani Legaz Fotograf\u00eda\" \/>\n<meta property=\"article:modified_time\" content=\"2025-10-02T09:10:53+00:00\" \/>\n<meta name=\"twitter:card\" content=\"summary_large_image\" \/>\n<meta name=\"twitter:label1\" content=\"Temps estimat de lectura\" \/>\n\t<meta name=\"twitter:data1\" content=\"12 minuts\" \/>\n<script type=\"application\/ld+json\" class=\"yoast-schema-graph\">{\"@context\":\"https:\/\/schema.org\",\"@graph\":[{\"@type\":\"WebPage\",\"@id\":\"https:\/\/danilegazfotografo.com\/\",\"url\":\"https:\/\/danilegazfotografo.com\/\",\"name\":\"Estudio fotogr\u00e1fico especializado en fotograf\u00eda infantil, maternidad, beb\u00e9s y familias en Vila Seca Tarragona | Dani Legaz Fotograf\u00eda\",\"isPartOf\":{\"@id\":\"https:\/\/danilegazfotografo.com\/#website\"},\"datePublished\":\"2022-07-28T10:07:55+00:00\",\"dateModified\":\"2025-10-02T09:10:53+00:00\",\"description\":\"En Dani Legaz Fotograf\u00eda, nuestro estudio fotogr\u00e1fico en Vila Seca Tarragona, somos especialistas en capturar los momentos m\u00e1s tiernos y emotivos de la vida de las familias. Ofrecemos reportajes en estudio y exteriores para beb\u00e9s, maternidad, ni\u00f1os y familias. \u00a1Cont\u00e1ctanos para crear juntos un recuerdo inolvidable!\",\"breadcrumb\":{\"@id\":\"https:\/\/danilegazfotografo.com\/#breadcrumb\"},\"inLanguage\":\"ca\",\"potentialAction\":[{\"@type\":\"ReadAction\",\"target\":[\"https:\/\/danilegazfotografo.com\/\"]}]},{\"@type\":\"BreadcrumbList\",\"@id\":\"https:\/\/danilegazfotografo.com\/#breadcrumb\",\"itemListElement\":[{\"@type\":\"ListItem\",\"position\":1,\"name\":\"Portada\",\"item\":\"https:\/\/danilegazfotografo.com\/\"},{\"@type\":\"ListItem\",\"position\":2,\"name\":\"Estudio fotogr\u00e1fico especializado en fotograf\u00eda infantil, maternidad, beb\u00e9s y familias en Vila Seca Tarragona | Dani Legaz Fotograf\u00eda\"}]},{\"@type\":\"WebSite\",\"@id\":\"https:\/\/danilegazfotografo.com\/#website\",\"url\":\"https:\/\/danilegazfotografo.com\/\",\"name\":\"Estudio fotogr\u00e1fico especializado en fotograf\u00eda infantil, maternidad, beb\u00e9s y familias en Vila Seca Tarragona | Dani Legaz Fotograf\u00eda\",\"description\":\"En Dani Legaz Fotograf\u00eda, nuestro estudio fotogr\u00e1fico en Vila Seca Tarragona, somos especialistas en capturar los momentos m\u00e1s tiernos y emotivos de la vida de las familias. Ofrecemos reportajes en estudio y exteriores para beb\u00e9s, maternidad, ni\u00f1os y familias. \u00a1Cont\u00e1ctanos para crear juntos un recuerdo inolvidable!\",\"potentialAction\":[{\"@type\":\"SearchAction\",\"target\":{\"@type\":\"EntryPoint\",\"urlTemplate\":\"https:\/\/danilegazfotografo.com\/?s={search_term_string}\"},\"query-input\":{\"@type\":\"PropertyValueSpecification\",\"valueRequired\":true,\"valueName\":\"search_term_string\"}}],\"inLanguage\":\"ca\"}]}<\/script>\n<!-- \/ Yoast SEO plugin. -->","yoast_head_json":{"title":"Estudio fotogr\u00e1fico especializado en fotograf\u00eda infantil, maternidad, beb\u00e9s y familias en Vila Seca Tarragona | Dani Legaz Fotograf\u00eda","description":"En Dani Legaz Fotograf\u00eda, nuestro estudio fotogr\u00e1fico en Vila Seca Tarragona, somos especialistas en capturar los momentos m\u00e1s tiernos y emotivos de la vida de las familias. Ofrecemos reportajes en estudio y exteriores para beb\u00e9s, maternidad, ni\u00f1os y familias. \u00a1Cont\u00e1ctanos para crear juntos un recuerdo inolvidable!","robots":{"index":"index","follow":"follow","max-snippet":"max-snippet:-1","max-image-preview":"max-image-preview:large","max-video-preview":"max-video-preview:-1"},"canonical":"https:\/\/danilegazfotografo.com\/ca\/","og_locale":"ca_ES","og_type":"article","og_title":"Estudio fotogr\u00e1fico especializado en fotograf\u00eda infantil, maternidad, beb\u00e9s y familias en Vila Seca Tarragona | Dani Legaz Fotograf\u00eda","og_description":"En Dani Legaz Fotograf\u00eda, nuestro estudio fotogr\u00e1fico en Vila Seca Tarragona, somos especialistas en capturar los momentos m\u00e1s tiernos y emotivos de la vida de las familias. Ofrecemos reportajes en estudio y exteriores para beb\u00e9s, maternidad, ni\u00f1os y familias. \u00a1Cont\u00e1ctanos para crear juntos un recuerdo inolvidable!","og_url":"https:\/\/danilegazfotografo.com\/ca\/","og_site_name":"Estudio fotogr\u00e1fico especializado en fotograf\u00eda infantil, maternidad, beb\u00e9s y familias en Vila Seca Tarragona | Dani Legaz Fotograf\u00eda","article_modified_time":"2025-10-02T09:10:53+00:00","twitter_card":"summary_large_image","twitter_misc":{"Temps estimat de lectura":"12 minuts"},"schema":{"@context":"https:\/\/schema.org","@graph":[{"@type":"WebPage","@id":"https:\/\/danilegazfotografo.com\/","url":"https:\/\/danilegazfotografo.com\/","name":"Estudio fotogr\u00e1fico especializado en fotograf\u00eda infantil, maternidad, beb\u00e9s y familias en Vila Seca Tarragona | Dani Legaz Fotograf\u00eda","isPartOf":{"@id":"https:\/\/danilegazfotografo.com\/#website"},"datePublished":"2022-07-28T10:07:55+00:00","dateModified":"2025-10-02T09:10:53+00:00","description":"En Dani Legaz Fotograf\u00eda, nuestro estudio fotogr\u00e1fico en Vila Seca Tarragona, somos especialistas en capturar los momentos m\u00e1s tiernos y emotivos de la vida de las familias. Ofrecemos reportajes en estudio y exteriores para beb\u00e9s, maternidad, ni\u00f1os y familias. \u00a1Cont\u00e1ctanos para crear juntos un recuerdo inolvidable!","breadcrumb":{"@id":"https:\/\/danilegazfotografo.com\/#breadcrumb"},"inLanguage":"ca","potentialAction":[{"@type":"ReadAction","target":["https:\/\/danilegazfotografo.com\/"]}]},{"@type":"BreadcrumbList","@id":"https:\/\/danilegazfotografo.com\/#breadcrumb","itemListElement":[{"@type":"ListItem","position":1,"name":"Portada","item":"https:\/\/danilegazfotografo.com\/"},{"@type":"ListItem","position":2,"name":"Estudio fotogr\u00e1fico especializado en fotograf\u00eda infantil, maternidad, beb\u00e9s y familias en Vila Seca Tarragona | Dani Legaz Fotograf\u00eda"}]},{"@type":"WebSite","@id":"https:\/\/danilegazfotografo.com\/#website","url":"https:\/\/danilegazfotografo.com\/","name":"Estudio fotogr\u00e1fico especializado en fotograf\u00eda infantil, maternidad, beb\u00e9s y familias en Vila Seca Tarragona | Dani Legaz Fotograf\u00eda","description":"En Dani Legaz Fotograf\u00eda, nuestro estudio fotogr\u00e1fico en Vila Seca Tarragona, somos especialistas en capturar los momentos m\u00e1s tiernos y emotivos de la vida de las familias. Ofrecemos reportajes en estudio y exteriores para beb\u00e9s, maternidad, ni\u00f1os y familias. \u00a1Cont\u00e1ctanos para crear juntos un recuerdo inolvidable!","potentialAction":[{"@type":"SearchAction","target":{"@type":"EntryPoint","urlTemplate":"https:\/\/danilegazfotografo.com\/?s={search_term_string}"},"query-input":{"@type":"PropertyValueSpecification","valueRequired":true,"valueName":"search_term_string"}}],"inLanguage":"ca"}]}},"_links":{"self":[{"href":"https:\/\/danilegazfotografo.com\/ca\/wp-json\/wp\/v2\/pages\/37"}],"collection":[{"href":"https:\/\/danilegazfotografo.com\/ca\/wp-json\/wp\/v2\/pages"}],"about":[{"href":"https:\/\/danilegazfotografo.com\/ca\/wp-json\/wp\/v2\/types\/page"}],"author":[{"embeddable":true,"href":"https:\/\/danilegazfotografo.com\/ca\/wp-json\/wp\/v2\/users\/2"}],"replies":[{"embeddable":true,"href":"https:\/\/danilegazfotografo.com\/ca\/wp-json\/wp\/v2\/comments?post=37"}],"version-history":[{"count":136,"href":"https:\/\/danilegazfotografo.com\/ca\/wp-json\/wp\/v2\/pages\/37\/revisions"}],"predecessor-version":[{"id":3223,"href":"https:\/\/danilegazfotografo.com\/ca\/wp-json\/wp\/v2\/pages\/37\/revisions\/3223"}],"wp:attachment":[{"href":"https:\/\/danilegazfotografo.com\/ca\/wp-json\/wp\/v2\/media?parent=37"}],"curies":[{"name":"wp","href":"https:\/\/api.w.org\/{rel}","templated":true}]}}