{"id":1210,"date":"2023-06-19T12:44:21","date_gmt":"2023-06-19T10:44:21","guid":{"rendered":"https:\/\/danilegazfotografo.com\/?page_id=1210"},"modified":"2026-02-06T09:09:12","modified_gmt":"2026-02-06T08:09:12","slug":"fotografia-de-bodas-y-eventos-familiares-en-vila-seca-tarragona-dani-legaz-fotografia","status":"publish","type":"page","link":"https:\/\/danilegazfotografo.com\/ca\/fotografia-de-bodas-y-eventos-familiares-en-vila-seca-tarragona-dani-legaz-fotografia\/","title":{"rendered":"Fotograf\u00eda de bodas y eventos familiares en Vila-Seca, Tarragona &#8211; Dani Legaz Fotograf\u00eda"},"content":{"rendered":"<p>[et_pb_section fb_built=\u00bb1&#8243; admin_label=\u00bbHero\u00bb _builder_version=\u00bb4.18.0&#8243; _module_preset=\u00bbdefault\u00bb use_background_color_gradient=\u00bbon\u00bb background_color_gradient_stops=\u00bbrgba(0,0,0,0.6) 0%|rgba(0,0,0,0.6) 100%\u00bb background_color_gradient_overlays_image=\u00bbon\u00bb background_color_gradient_start=\u00bbrgba(0,0,0,0.6)\u00bb background_color_gradient_end=\u00bbrgba(0,0,0,0.6)\u00bb background_image=\u00bbhttps:\/\/danilegazfotografo.com\/wp-content\/uploads\/2023\/07\/Fotografia-eventos-tarragona8.jpg\u00bb custom_padding=\u00bb110px|0px|110px|0px|false|false\u00bb animation_style=\u00bbzoom\u00bb animation_intensity_zoom=\u00bb4%\u00bb global_colors_info=\u00bb{}\u00bb][et_pb_row _builder_version=\u00bb4.16&#8243; _module_preset=\u00bbdefault\u00bb background_size=\u00bbinitial\u00bb background_position=\u00bbtop_left\u00bb background_repeat=\u00bbrepeat\u00bb custom_padding=\u00bb|||\u00bb animation_style=\u00bbslide\u00bb animation_direction=\u00bbtop\u00bb animation_intensity_slide=\u00bb3%\u00bb global_colors_info=\u00bb{}\u00bb][et_pb_column type=\u00bb4_4&#8243; _builder_version=\u00bb4.16&#8243; _module_preset=\u00bbdefault\u00bb custom_padding=\u00bb|||\u00bb global_colors_info=\u00bb{}\u00bb custom_padding__hover=\u00bb|||\u00bb][et_pb_text admin_label=\u00bbTexto\u00bb _builder_version=\u00bb4.27.4&#8243; _module_preset=\u00bbdefault\u00bb text_font=\u00bb||||||||\u00bb header_font=\u00bbMontserrat|700||on|||||\u00bb header_text_color=\u00bb#ffffff\u00bb header_line_height=\u00bb1.3em\u00bb header_2_font=\u00bb||||||||\u00bb background_size=\u00bbinitial\u00bb background_position=\u00bbtop_left\u00bb background_repeat=\u00bbrepeat\u00bb custom_margin=\u00bb|||\u00bb animation_style=\u00bbfade\u00bb header_font_size_last_edited=\u00bboff|desktop\u00bb locked=\u00bboff\u00bb global_colors_info=\u00bb{}\u00bb]<\/p>\n<h1>Fotograf\u00eda de bodas y eventos familiares<\/h1>\n<p>[\/et_pb_text][et_pb_text _builder_version=\u00bb4.27.4&#8243; _module_preset=\u00bbdefault\u00bb text_font=\u00bb||||||||\u00bb text_text_color=\u00bb#ffffff\u00bb text_line_height=\u00bb1.8em\u00bb background_size=\u00bbinitial\u00bb background_position=\u00bbtop_left\u00bb background_repeat=\u00bbrepeat\u00bb max_width=\u00bb700px\u00bb module_alignment=\u00bbleft\u00bb custom_margin=\u00bb0px||||false|false\u00bb animation_style=\u00bbflip\u00bb animation_direction=\u00bbtop\u00bb animation_intensity_flip=\u00bb20%\u00bb locked=\u00bboff\u00bb global_colors_info=\u00bb{}\u00bb]<\/p>\n<p>Los eventos familiares y en particular las bodas, son momentos \u00fanicos e irrepetibles, llenos de emociones, miradas c\u00f3mplices y recuerdos que querr\u00e1s conservar para siempre.<\/p>\n<p>[\/et_pb_text][\/et_pb_column][\/et_pb_row][\/et_pb_section][et_pb_section fb_built=\u00bb1&#8243; admin_label=\u00bbText and Image\u00bb _builder_version=\u00bb4.16&#8243; _module_preset=\u00bbdefault\u00bb background_color=\u00bb#f7f7f7&#8243; custom_padding=\u00bb11px|0px|2px|0px||\u00bb global_colors_info=\u00bb{}\u00bb][et_pb_row _builder_version=\u00bb4.27.4&#8243; _module_preset=\u00bbdefault\u00bb global_colors_info=\u00bb{}\u00bb][et_pb_column type=\u00bb4_4&#8243; _builder_version=\u00bb4.27.4&#8243; _module_preset=\u00bbdefault\u00bb global_colors_info=\u00bb{}\u00bb][et_pb_text _builder_version=\u00bb4.27.4&#8243; _module_preset=\u00bbdefault\u00bb header_2_font=\u00bb|700|||||||\u00bb header_2_font_size=\u00bb22px\u00bb text_orientation=\u00bbcenter\u00bb custom_margin=\u00bb||11px|||\u00bb locked=\u00bboff\u00bb global_colors_info=\u00bb{}\u00bb][\/et_pb_text][et_pb_text _builder_version=\u00bb4.27.4&#8243; _module_preset=\u00bbdefault\u00bb global_colors_info=\u00bb{}\u00bb]<\/p>\n<h1 style=\"text-align: center;\"><strong>Vuestra boda, tal como la vais a recordar siempre<\/strong><\/h1>\n<p>[\/et_pb_text][et_pb_image src=\u00bbhttps:\/\/danilegazfotografo.com\/wp-content\/uploads\/2025\/04\/BODA_053.jpg\u00bb title_text=\u00bbBODA_053&#8243; _builder_version=\u00bb4.27.4&#8243; _module_preset=\u00bbdefault\u00bb global_colors_info=\u00bb{}\u00bb][\/et_pb_image][et_pb_text _builder_version=\u00bb4.27.4&#8243; _module_preset=\u00bbdefault\u00bb locked=\u00bboff\u00bb global_colors_info=\u00bb{}\u00bb]<\/p>\n<p style=\"text-align: center;\">Un d\u00eda lleno de emociones, miradas y abrazos que pasan sin darte cuenta. Mi trabajo es capturar cada instante con naturalidad para que pod\u00e1is revivir vuestra boda tal y como la sentisteis.<\/p>\n<p>[\/et_pb_text][et_pb_button button_url=\u00bbhttps:\/\/danilegazfotografo.com\/asi-son-mis-bodas\/\u00bb button_text=\u00bbAS\u00cd SON MIS BODAS&#8230;\u00bb button_alignment=\u00bbcenter\u00bb _builder_version=\u00bb4.27.4&#8243; _module_preset=\u00bbdefault\u00bb custom_button=\u00bbon\u00bb button_text_size=\u00bb16px\u00bb button_text_color=\u00bb#bc8f56&#8243; button_border_radius=\u00bb32px\u00bb global_colors_info=\u00bb{}\u00bb][\/et_pb_button][\/et_pb_column][\/et_pb_row][et_pb_row _builder_version=\u00bb4.18.0&#8243; _module_preset=\u00bbdefault\u00bb custom_padding=\u00bb71px|||||\u00bb global_colors_info=\u00bb{}\u00bb][et_pb_column type=\u00bb4_4&#8243; _builder_version=\u00bb4.18.0&#8243; _module_preset=\u00bbdefault\u00bb global_colors_info=\u00bb{}\u00bb][et_pb_text _builder_version=\u00bb4.18.0&#8243; _module_preset=\u00bbdefault\u00bb header_2_font=\u00bb|700|||||||\u00bb header_2_font_size=\u00bb22px\u00bb text_orientation=\u00bbcenter\u00bb global_colors_info=\u00bb{}\u00bb]<\/p>\n<h2><b>Inmortaliza tu evento con nuestros reportajes, precios y packs<\/b><\/h2>\n<p>[\/et_pb_text][\/et_pb_column][\/et_pb_row][et_pb_row column_structure=\u00bb1_3,1_3,1_3&#8243; _builder_version=\u00bb4.18.0&#8243; _module_preset=\u00bbdefault\u00bb custom_padding=\u00bb||76px|||\u00bb global_colors_info=\u00bb{}\u00bb][et_pb_column type=\u00bb1_3&#8243; _builder_version=\u00bb4.18.0&#8243; _module_preset=\u00bbdefault\u00bb global_colors_info=\u00bb{}\u00bb][et_pb_text _builder_version=\u00bb4.27.4&#8243; _module_preset=\u00bbdefault\u00bb background_enable_color=\u00bboff\u00bb custom_margin=\u00bb0px||||false|false\u00bb custom_padding=\u00bb40px|40px|40px|40px|false|false\u00bb border_radii=\u00bbon|30px|30px|30px|30px\u00bb border_width_all=\u00bb2px\u00bb border_color_all=\u00bb#bc8f56&#8243; global_colors_info=\u00bb{}\u00bb]<\/p>\n<h2><span style=\"font-size: 23px;\">Bodas 12 horas<\/span><\/h2>\n<p>&nbsp;<\/p>\n<p class=\"ql-align-center\">12 horas de servicio<\/p>\n<p class=\"ql-align-center\">Cubrir\u00e1n el momento de preparaci\u00f3n en los lugares donde la pareja elija, la ceremonia, sesi\u00f3n de pareja, aperitivo, tarta y baile.<\/p>\n<p class=\"ql-align-center\">Selecci\u00f3n y retoque de todo el material.<\/p>\n<p class=\"ql-align-center\">Galer\u00eda online personalizada para descarga de todas las im\u00e1genes de manera general o individual. Perfecta para compartir con los tuyos.<\/p>\n<p class=\"ql-align-center\">Caja marco con selecci\u00f3n de fotos impresas del autor y pendrive<strong><\/strong><\/p>\n<p class=\"ql-align-center\"><strong>IVA no incluido<\/strong><\/p>\n<h2 style=\"text-align: right;\"><\/h2>\n<h2 style=\"text-align: right;\"><\/h2>\n<h2 style=\"text-align: right;\"><\/h2>\n<h2 style=\"text-align: right;\"><\/h2>\n<h2 style=\"text-align: right;\"><\/h2>\n<h2 style=\"text-align: right;\">1.350\u20ac<\/h2>\n<p>[\/et_pb_text][et_pb_button button_url=\u00bbhttps:\/\/danilegazfotografo.com\/2089-2\/\u00bb button_text=\u00bb\u00a1Quiero mi sesi\u00f3n!\u00bb button_alignment=\u00bbcenter\u00bb _builder_version=\u00bb4.27.4&#8243; _module_preset=\u00bbdefault\u00bb custom_button=\u00bbon\u00bb button_text_color=\u00bb#FFFFFF\u00bb button_bg_color=\u00bb#bc8f56&#8243; button_border_radius=\u00bb30px\u00bb button_icon_color=\u00bb#FFFFFF\u00bb global_colors_info=\u00bb{}\u00bb][\/et_pb_button][\/et_pb_column][et_pb_column type=\u00bb1_3&#8243; _builder_version=\u00bb4.18.0&#8243; _module_preset=\u00bbdefault\u00bb global_colors_info=\u00bb{}\u00bb][et_pb_text _builder_version=\u00bb4.27.4&#8243; _module_preset=\u00bbdefault\u00bb background_color=\u00bb#FFFFFF\u00bb custom_padding=\u00bb40px|40px|40px|40px|false|false\u00bb border_radii=\u00bbon|30px|30px|30px|30px\u00bb border_width_all=\u00bb2px\u00bb border_color_all=\u00bb#bc8f56&#8243; global_colors_info=\u00bb{}\u00bb]<\/p>\n<h2>Boda 10 horas<\/h2>\n<p>&nbsp;<\/p>\n<p class=\"ql-align-center\">10 horas de servicio<\/p>\n<p class=\"ql-align-center\">Cubrir\u00e1n el momento de preparaci\u00f3n en los lugares donde la pareja elija, la ceremonia, sesi\u00f3n de pareja, aperitivo y tarta.<\/p>\n<p class=\"ql-align-center\">Selecci\u00f3n y retoque de todo el material.<\/p>\n<p class=\"ql-align-center\">Galer\u00eda online personalizada para descarga de todas las im\u00e1genes de manera general o individual.Perfecta para compartir con los tuyos.<\/p>\n<p class=\"ql-align-center\">Caja marco con selecci\u00f3n de fotos impresas del autor y pendrive<\/p>\n<p class=\"ql-align-center\"><strong>IVA no incluido<\/strong><\/p>\n<h2 style=\"text-align: right;\"><\/h2>\n<h2 style=\"text-align: right;\"><\/h2>\n<h2 style=\"text-align: right;\"><\/h2>\n<h2 style=\"text-align: right;\"><\/h2>\n<h2 style=\"text-align: right;\"><\/h2>\n<h2 style=\"text-align: right;\"><strong>1.100\u20ac<\/strong><\/h2>\n<p>[\/et_pb_text][et_pb_button button_url=\u00bbhttps:\/\/danilegazfotografo.com\/2089-2\/\u00bb button_text=\u00bb\u00a1Quiero mi sesi\u00f3n!\u00bb button_alignment=\u00bbcenter\u00bb _builder_version=\u00bb4.27.4&#8243; _module_preset=\u00bbdefault\u00bb custom_button=\u00bbon\u00bb button_text_color=\u00bb#FFFFFF\u00bb button_bg_color=\u00bb#bc8f56&#8243; button_border_radius=\u00bb30px\u00bb button_icon_color=\u00bb#FFFFFF\u00bb global_colors_info=\u00bb{}\u00bb][\/et_pb_button][\/et_pb_column][et_pb_column type=\u00bb1_3&#8243; _builder_version=\u00bb4.18.0&#8243; _module_preset=\u00bbdefault\u00bb global_colors_info=\u00bb{}\u00bb][et_pb_text _builder_version=\u00bb4.27.4&#8243; _module_preset=\u00bbdefault\u00bb custom_padding=\u00bb40px|40px|40px|40px|false|false\u00bb border_radii=\u00bbon|30px|30px|30px|30px\u00bb border_width_all=\u00bb2px\u00bb border_color_all=\u00bb#bc8f56&#8243; global_colors_info=\u00bb{}\u00bb]<\/p>\n<h2>Boda 8 horas<\/h2>\n<p>&nbsp;<\/p>\n<p class=\"ql-align-center\">8 horas de servicio<\/p>\n<p class=\"ql-align-center\">Cubrir\u00e1n el momento de preparaci\u00f3n en los lugares donde la pareja elija, la ceremonia, sesi\u00f3n de pareja y aperitivo.<\/p>\n<p class=\"ql-align-center\">Selecci\u00f3n y retoque de todo el material.<\/p>\n<p class=\"ql-align-center\">Galer\u00eda online personalizada para descarga de todas las im\u00e1genes de manera general o individual. Perfecta para compartir con los tuyos.<\/p>\n<p class=\"ql-align-center\">Caja marco con selecci\u00f3n de fotos impresas del autor y pendrive<\/p>\n<p class=\"ql-align-center\"><strong style=\"font-size: 16px;\">IVA no incluido<\/strong><\/p>\n<h2 style=\"text-align: right;\"><\/h2>\n<h2 style=\"text-align: right;\"><\/h2>\n<h2 style=\"text-align: right;\"><\/h2>\n<h2 style=\"text-align: right;\"><\/h2>\n<h2 style=\"text-align: right;\">900\u20ac<\/h2>\n<p>[\/et_pb_text][et_pb_button button_url=\u00bbhttps:\/\/danilegazfotografo.com\/2089-2\/\u00bb button_text=\u00bb\u00a1Quiero mi sesi\u00f3n!\u00bb button_alignment=\u00bbcenter\u00bb _builder_version=\u00bb4.27.4&#8243; _module_preset=\u00bbdefault\u00bb custom_button=\u00bbon\u00bb button_text_color=\u00bb#FFFFFF\u00bb button_bg_color=\u00bb#bc8f56&#8243; button_border_radius=\u00bb30px\u00bb button_icon_color=\u00bb#FFFFFF\u00bb global_colors_info=\u00bb{}\u00bb][\/et_pb_button][\/et_pb_column][\/et_pb_row][\/et_pb_section][et_pb_section fb_built=\u00bb1&#8243; _builder_version=\u00bb4.27.4&#8243; _module_preset=\u00bbdefault\u00bb custom_padding=\u00bb23px||0px|||\u00bb global_colors_info=\u00bb{}\u00bb][et_pb_row _builder_version=\u00bb4.27.4&#8243; _module_preset=\u00bbdefault\u00bb min_height=\u00bb249.4px\u00bb custom_padding=\u00bb55px||55px||true|\u00bb global_colors_info=\u00bb{}\u00bb][et_pb_column type=\u00bb4_4&#8243; _builder_version=\u00bb4.27.4&#8243; _module_preset=\u00bbdefault\u00bb global_colors_info=\u00bb{}\u00bb][et_pb_text _builder_version=\u00bb4.27.4&#8243; _module_preset=\u00bbdefault\u00bb locked=\u00bboff\u00bb global_colors_info=\u00bb{}\u00bb]<\/p>\n<h1 style=\"text-align: center;\"><strong>Momentos familiares que merecen quedarse para siempre<\/strong><\/h1>\n<p>[\/et_pb_text][et_pb_image title_text=\u00bbWhatsApp Image 2026-02-05 at 12.48.38&#8243; _builder_version=\u00bb4.27.4&#8243; _module_preset=\u00bbdefault\u00bb global_colors_info=\u00bb{}\u00bb][\/et_pb_image][et_pb_text _builder_version=\u00bb4.27.4&#8243; _module_preset=\u00bbdefault\u00bb locked=\u00bboff\u00bb global_colors_info=\u00bb{}\u00bb]<\/p>\n<p style=\"text-align: center;\">Momentos en los que la familia se re\u00fane para celebrar y compartir. Fotograf\u00edas naturales y espont\u00e1neas para guardar recuerdos que, con el tiempo, se vuelven a\u00fan m\u00e1s valiosos.<\/p>\n<p>[\/et_pb_text][et_pb_button button_url=\u00bbhttps:\/\/danilegazfotografo.com\/celebraciones-familiares\/\u00bb button_text=\u00bbASI SON MIS CELEBRACIONES FAMILIARES&#8230;\u00bb button_alignment=\u00bbcenter\u00bb _builder_version=\u00bb4.27.4&#8243; _module_preset=\u00bbdefault\u00bb custom_button=\u00bbon\u00bb button_text_size=\u00bb16px\u00bb button_text_color=\u00bb#bc8f56&#8243; button_border_radius=\u00bb32px\u00bb locked=\u00bboff\u00bb global_colors_info=\u00bb{}\u00bb][\/et_pb_button][et_pb_text _builder_version=\u00bb4.27.4&#8243; _module_preset=\u00bbdefault\u00bb custom_margin=\u00bb69px|||||\u00bb locked=\u00bboff\u00bb global_colors_info=\u00bb{}\u00bb]<\/p>\n<h1 style=\"text-align: center;\"><strong>La fiesta de sus 15, <\/strong><\/h1>\n<h1 style=\"text-align: center;\"><strong>el recuerdo de toda la familia<\/strong><\/h1>\n<p>[\/et_pb_text][et_pb_image src=\u00bbhttps:\/\/danilegazfotografo.com\/wp-content\/uploads\/2026\/01\/WhatsApp-Image-2026-01-29-at-10.53.52.jpeg\u00bb _builder_version=\u00bb4.27.4&#8243; _module_preset=\u00bbdefault\u00bb global_colors_info=\u00bb{}\u00bb][\/et_pb_image][et_pb_text _builder_version=\u00bb4.27.4&#8243; _module_preset=\u00bbdefault\u00bb locked=\u00bboff\u00bb global_colors_info=\u00bb{}\u00bb]<\/p>\n<p style=\"text-align: center;\">Una fiesta rodeada de familia y amigos donde todo ocurre muy r\u00e1pido. Fotograf\u00edo cada detalle y emoci\u00f3n para que ese d\u00eda tan especial se convierta en un recuerdo que acompa\u00f1e siempre a toda la familia.<\/p>\n<p>[\/et_pb_text][et_pb_button button_url=\u00bbhttps:\/\/danilegazfotografo.com\/asi-son-los-15\/\u00bb button_text=\u00bbAS\u00cd SON MIS 15&#8230;\u00bb button_alignment=\u00bbcenter\u00bb _builder_version=\u00bb4.27.4&#8243; _module_preset=\u00bbdefault\u00bb custom_button=\u00bbon\u00bb button_text_size=\u00bb16px\u00bb button_text_color=\u00bb#bc8f56&#8243; button_border_radius=\u00bb32px\u00bb locked=\u00bboff\u00bb global_colors_info=\u00bb{}\u00bb][\/et_pb_button][et_pb_text _builder_version=\u00bb4.18.0&#8243; _module_preset=\u00bbdefault\u00bb header_2_font=\u00bb|700|||||||\u00bb header_2_font_size=\u00bb22px\u00bb text_orientation=\u00bbcenter\u00bb custom_margin=\u00bb83px|||||\u00bb global_colors_info=\u00bb{}\u00bb]<\/p>\n<h2><b>Inmortaliza tu evento con nuestros reportajes, precios y packs<\/b><\/h2>\n<p>[\/et_pb_text][\/et_pb_column][\/et_pb_row][\/et_pb_section][et_pb_section fb_built=\u00bb1&#8243; _builder_version=\u00bb4.17.0&#8243; _module_preset=\u00bbdefault\u00bb custom_padding=\u00bb10px||40px|||\u00bb global_colors_info=\u00bb{}\u00bb][et_pb_row column_structure=\u00bb1_3,1_3,1_3&#8243; _builder_version=\u00bb4.18.0&#8243; _module_preset=\u00bbdefault\u00bb custom_margin=\u00bb-46px|auto||auto||\u00bb custom_padding=\u00bb||76px|||\u00bb global_colors_info=\u00bb{}\u00bb][et_pb_column type=\u00bb1_3&#8243; _builder_version=\u00bb4.18.0&#8243; _module_preset=\u00bbdefault\u00bb global_colors_info=\u00bb{}\u00bb][et_pb_text _builder_version=\u00bb4.27.4&#8243; _module_preset=\u00bbdefault\u00bb background_color=\u00bb#FFFFFF\u00bb custom_padding=\u00bb40px|40px|40px|40px|false|false\u00bb border_radii=\u00bbon|30px|30px|30px|30px\u00bb border_width_all=\u00bb2px\u00bb border_color_all=\u00bb#bc8f56&#8243; global_colors_info=\u00bb{}\u00bb]<\/p>\n<h2><\/h2>\n<h2>EVENTOS PREMIUM<\/h2>\n<p>&nbsp;<\/p>\n<p>Perfecto para cobertura de Bautizos y Comuniones, Bodas de Oro y Fiesta de los 15.<\/p>\n<p>Tres horas de cobertura el d\u00eda del evento<\/p>\n<p>Mini sesi\u00f3n previa de estudio<span style=\"font-size: 16px;\"> (m\u00ednimo 20 d\u00edas antes)<\/span><\/p>\n<p>Galer\u00eda para seleccionar 3 archivos HD<span style=\"font-size: 16px;\"> (galer\u00eda completa descargable por 96\u20ac)<\/span><\/p>\n<p>Creaci\u00f3n de invitaci\u00f3n digital<span style=\"font-size: 16px;\"> con la foto de la sesi\u00f3n<\/span><\/p>\n<p>Ampliaci\u00f3n 20&#215;25<span style=\"font-size: 16px;\"> para decorar tu evento<\/span><\/p>\n<p>Env\u00edo por galer\u00eda privada<span style=\"font-size: 16px;\"> con todos los archivos del evento<\/span><\/p>\n<p><span style=\"font-size: 16px;\">-Desde ah\u00ed, podr\u00e1s elegir productos: impresiones, ampliaciones, \u00e1lbumes, etc.<\/span><\/p>\n<p>Caja marco<span style=\"font-size: 16px;\"> con selecci\u00f3n de fotos impresas y pendrive<\/span><\/p>\n<p><strong style=\"font-size: 16px;\">IVA no incluido<\/strong><\/p>\n<h2 style=\"text-align: right;\"><\/h2>\n<h2 style=\"text-align: right;\"><\/h2>\n<h2 style=\"text-align: right;\"><\/h2>\n<h2 style=\"text-align: right;\"><\/h2>\n<h2 style=\"text-align: right;\"><\/h2>\n<h2 style=\"text-align: right;\">590\u20ac<\/h2>\n<p>[\/et_pb_text][et_pb_button button_url=\u00bbhttps:\/\/danilegazfotografo.com\/2089-2\/\u00bb button_text=\u00bb\u00a1Quiero mi sesi\u00f3n!\u00bb button_alignment=\u00bbcenter\u00bb _builder_version=\u00bb4.26.0&#8243; _module_preset=\u00bbdefault\u00bb custom_button=\u00bbon\u00bb button_text_color=\u00bb#FFFFFF\u00bb button_bg_color=\u00bb#bc8f56&#8243; button_border_width=\u00bb0px\u00bb button_border_radius=\u00bb30px\u00bb button_icon_color=\u00bb#FFFFFF\u00bb global_colors_info=\u00bb{}\u00bb][\/et_pb_button][\/et_pb_column][et_pb_column type=\u00bb1_3&#8243; _builder_version=\u00bb4.18.0&#8243; _module_preset=\u00bbdefault\u00bb global_colors_info=\u00bb{}\u00bb][et_pb_text _builder_version=\u00bb4.27.4&#8243; _module_preset=\u00bbdefault\u00bb background_color=\u00bb#FFFFFF\u00bb custom_padding=\u00bb40px|40px|40px|40px|false|false\u00bb border_radii=\u00bbon|30px|30px|30px|30px\u00bb border_width_all=\u00bb2px\u00bb border_color_all=\u00bb#bc8f56&#8243; global_colors_info=\u00bb{}\u00bb]<\/p>\n<h2>Otros eventos cobertura minima<\/h2>\n<p>&nbsp;<\/p>\n<p>Perfecto para cobertura de celebraciones familiares.<\/p>\n<p>Tres horas de servicio.<\/p>\n<p>Env\u00edo por galer\u00eda privada para descarga de 120 archivos HD. Si quisieras el total de archivos, (m\u00ednimo<br \/>250) solo te costaran 120\u20ac extra.<\/p>\n<p>En esa misma galer\u00eda, podr\u00e1s elegir diferentes productos\u2026Impresiones en papel fotogr\u00e1fico, ampliaciones en diferentes acabados, \u00e1lbumes con tu<br \/>mejor selecci\u00f3n, etc<\/p>\n<p><strong>IVA no incluido<\/strong><\/p>\n<h2 style=\"text-align: right;\"><\/h2>\n<h2 style=\"text-align: right;\"><\/h2>\n<h2 style=\"text-align: right;\"><\/h2>\n<h2 style=\"text-align: right;\"><\/h2>\n<h2 style=\"text-align: right;\"><\/h2>\n<h2 style=\"text-align: right;\"><strong>330\u20ac<\/strong><\/h2>\n<p>[\/et_pb_text][et_pb_button button_url=\u00bbhttps:\/\/danilegazfotografo.com\/2089-2\/\u00bb button_text=\u00bb\u00a1Quiero mi sesi\u00f3n!\u00bb button_alignment=\u00bbcenter\u00bb _builder_version=\u00bb4.27.4&#8243; _module_preset=\u00bbdefault\u00bb custom_button=\u00bbon\u00bb button_text_color=\u00bb#FFFFFF\u00bb button_bg_color=\u00bb#bc8f56&#8243; button_border_radius=\u00bb30px\u00bb button_icon_color=\u00bb#FFFFFF\u00bb global_colors_info=\u00bb{}\u00bb][\/et_pb_button][\/et_pb_column][et_pb_column type=\u00bb1_3&#8243; _builder_version=\u00bb4.18.0&#8243; _module_preset=\u00bbdefault\u00bb global_colors_info=\u00bb{}\u00bb][et_pb_text _builder_version=\u00bb4.27.4&#8243; _module_preset=\u00bbdefault\u00bb custom_padding=\u00bb40px|40px|40px|40px|false|false\u00bb border_radii=\u00bbon|30px|30px|30px|30px\u00bb border_width_all=\u00bb2px\u00bb border_color_all=\u00bb#bc8f56&#8243; global_colors_info=\u00bb{}\u00bb]<\/p>\n<h2>peque\u00f1os eventos<\/h2>\n<h2>\u00a0<\/h2>\n<p>Perfecto para cobertura de cumplea\u00f1os, presentaciones e inauguraciones<\/p>\n<p>Una hora de servicio<\/p>\n<p>Env\u00edo por galer\u00eda privada para descarga de 40 archivos HD. Si quisieras el total de archivos, (m\u00ednimo 100) solo te costar\u00e1n 90\u20ac extra.<\/p>\n<p>En esa misma galer\u00eda, podr\u00e1s elegir diferentes productos\u2026Impresiones en<br \/>papel fotogr\u00e1fico, ampliaciones en diferentes acabados, \u00e1lbumes con tu<br \/>mejor selecci\u00f3n, etc<\/p>\n<p><strong style=\"font-size: 16px;\">IVA no incluido<\/strong><\/p>\n<h2 style=\"text-align: right;\"><\/h2>\n<h2 style=\"text-align: right;\"><\/h2>\n<h2 style=\"text-align: right;\"><\/h2>\n<h2 style=\"text-align: right;\">180\u20ac<\/h2>\n<p>[\/et_pb_text][et_pb_button button_url=\u00bbhttps:\/\/danilegazfotografo.com\/2089-2\/\u00bb button_text=\u00bb\u00a1Quiero mi sesi\u00f3n!\u00bb button_alignment=\u00bbcenter\u00bb _builder_version=\u00bb4.26.0&#8243; _module_preset=\u00bbdefault\u00bb custom_button=\u00bbon\u00bb button_text_color=\u00bb#FFFFFF\u00bb button_bg_color=\u00bb#bc8f56&#8243; button_border_radius=\u00bb30px\u00bb button_icon_color=\u00bb#FFFFFF\u00bb global_colors_info=\u00bb{}\u00bb][\/et_pb_button][\/et_pb_column][\/et_pb_row][et_pb_row _builder_version=\u00bb4.17.0&#8243; _module_preset=\u00bbdefault\u00bb custom_margin=\u00bb-9px|auto|-664px|auto||\u00bb custom_padding=\u00bb||542px|||\u00bb global_colors_info=\u00bb{}\u00bb][et_pb_column type=\u00bb4_4&#8243; _builder_version=\u00bb4.17.0&#8243; _module_preset=\u00bbdefault\u00bb global_colors_info=\u00bb{}\u00bb][et_pb_text _builder_version=\u00bb4.27.4&#8243; _module_preset=\u00bbdefault\u00bb custom_margin=\u00bb7px|||||\u00bb locked=\u00bboff\u00bb global_colors_info=\u00bb{}\u00bb]<\/p>\n<h2 style=\"text-align: center;\">PREGUNTAS FRECUENTES<\/h2>\n<p>[\/et_pb_text][et_pb_code _builder_version=\u00bb4.27.4&#8243; _module_preset=\u00bbdefault\u00bb custom_margin=\u00bb-39px|||||\u00bb global_colors_info=\u00bb{}\u00bb]<\/p>\n<style><!-- [et_pb_line_break_holder] -->.faq-section {<!-- [et_pb_line_break_holder] -->  max-width: 900px;<!-- [et_pb_line_break_holder] -->  margin: 0 auto;<!-- [et_pb_line_break_holder] -->  padding: 3rem 1rem;<!-- [et_pb_line_break_holder] -->  font-family: 'Helvetica Neue', sans-serif;<!-- [et_pb_line_break_holder] -->}<!-- [et_pb_line_break_holder] --><!-- [et_pb_line_break_holder] -->.faq-grid {<!-- [et_pb_line_break_holder] -->  display: grid;<!-- [et_pb_line_break_holder] -->  gap: 1.2rem;<!-- [et_pb_line_break_holder] -->}<!-- [et_pb_line_break_holder] --><!-- [et_pb_line_break_holder] -->.faq-item {<!-- [et_pb_line_break_holder] -->  background-color: #fdf8f5;<!-- [et_pb_line_break_holder] -->  border-radius: 1rem;<!-- [et_pb_line_break_holder] -->  padding: 1.5rem 1.8rem;<!-- [et_pb_line_break_holder] -->  box-shadow: 0 8px 20px rgba(0, 0, 0, 0.05);<!-- [et_pb_line_break_holder] -->  transition: all 0.3s ease;<!-- [et_pb_line_break_holder] -->  cursor: pointer;<!-- [et_pb_line_break_holder] -->  border: 1px solid #f0eae6;<!-- [et_pb_line_break_holder] -->}<!-- [et_pb_line_break_holder] --><!-- [et_pb_line_break_holder] -->.faq-item:hover {<!-- [et_pb_line_break_holder] -->  box-shadow: 0 12px 28px rgba(0, 0, 0, 0.08);<!-- [et_pb_line_break_holder] -->}<!-- [et_pb_line_break_holder] --><!-- [et_pb_line_break_holder] -->.faq-question {<!-- [et_pb_line_break_holder] -->  font-size: 1.1rem;<!-- [et_pb_line_break_holder] -->  font-weight: 600;<!-- [et_pb_line_break_holder] -->  display: flex;<!-- [et_pb_line_break_holder] -->  justify-content: space-between;<!-- [et_pb_line_break_holder] -->  align-items: center;<!-- [et_pb_line_break_holder] -->  color: #333;<!-- [et_pb_line_break_holder] -->}<!-- [et_pb_line_break_holder] --><!-- [et_pb_line_break_holder] -->.faq-icon {<!-- [et_pb_line_break_holder] -->  font-size: 1.2rem;<!-- [et_pb_line_break_holder] -->  transition: transform 0.3s ease;<!-- [et_pb_line_break_holder] -->}<!-- [et_pb_line_break_holder] --><!-- [et_pb_line_break_holder] -->.faq-item.active .faq-icon {<!-- [et_pb_line_break_holder] -->  transform: rotate(45deg);<!-- [et_pb_line_break_holder] -->}<!-- [et_pb_line_break_holder] --><!-- [et_pb_line_break_holder] -->.faq-answer {<!-- [et_pb_line_break_holder] -->  margin-top: 0.8rem;<!-- [et_pb_line_break_holder] -->  font-size: 1rem;<!-- [et_pb_line_break_holder] -->  line-height: 1.6;<!-- [et_pb_line_break_holder] -->  color: #555;<!-- [et_pb_line_break_holder] -->  display: none;<!-- [et_pb_line_break_holder] -->}<!-- [et_pb_line_break_holder] --><!-- [et_pb_line_break_holder] -->.faq-item.active .faq-answer {<!-- [et_pb_line_break_holder] -->  display: block;<!-- [et_pb_line_break_holder] -->}<!-- [et_pb_line_break_holder] --><\/style>\n<p><!-- [et_pb_line_break_holder] --><!-- [et_pb_line_break_holder] --><\/p>\n<section class=\"faq-section\"><!-- [et_pb_line_break_holder] -->  <\/p>\n<div class=\"faq-grid\"><!-- [et_pb_line_break_holder] --><!-- [et_pb_line_break_holder] -->    <\/p>\n<div class=\"faq-item\"><!-- [et_pb_line_break_holder] -->      <\/p>\n<div class=\"faq-question\"><!-- [et_pb_line_break_holder] -->        \u00bfCon cu\u00e1nta anticipaci\u00f3n debo contratar sus servicios?<!-- [et_pb_line_break_holder] -->        <span class=\"faq-icon\">+<\/span><!-- [et_pb_line_break_holder] -->      <\/div>\n<p><!-- [et_pb_line_break_holder] -->      <\/p>\n<div class=\"faq-answer\"><!-- [et_pb_line_break_holder] -->        Entre 6 y 3 meses antes del evento, dependiendo de lo que quieras hacer. Para sesiones previas al evento o detalles especiales, lo ideal es contactarnos con 6 meses o m\u00e1s de antelaci\u00f3n. Para cobertura est\u00e1ndar del evento, se puede reservar con menos tiempo, pero antes tendr\u00e1s m\u00e1s disponibilidad.<!-- [et_pb_line_break_holder] -->      <\/div>\n<p><!-- [et_pb_line_break_holder] -->    <\/div>\n<p><!-- [et_pb_line_break_holder] --><!-- [et_pb_line_break_holder] -->    <\/p>\n<div class=\"faq-item\"><!-- [et_pb_line_break_holder] -->      <\/p>\n<div class=\"faq-question\"><!-- [et_pb_line_break_holder] -->        \u00bfRealizan sesiones de fotos previas al evento?<!-- [et_pb_line_break_holder] -->        <span class=\"faq-icon\">+<\/span><!-- [et_pb_line_break_holder] -->      <\/div>\n<p><!-- [et_pb_line_break_holder] -->      <\/p>\n<div class=\"faq-answer\"><!-- [et_pb_line_break_holder] -->        S\u00ed, hacemos sesiones previas como preboda, Cake Smash para beb\u00e9s, A day in the life, y sesiones de beb\u00e9s y ni\u00f1os hasta 10 a\u00f1os. Pueden realizarse en nuestro estudio, en exteriores o a domicilio, ideales para libros de firmas, detalles o recuerdos especiales.<!-- [et_pb_line_break_holder] -->      <\/div>\n<p><!-- [et_pb_line_break_holder] -->    <\/div>\n<p><!-- [et_pb_line_break_holder] --><!-- [et_pb_line_break_holder] -->    <\/p>\n<div class=\"faq-item\"><!-- [et_pb_line_break_holder] -->      <\/p>\n<div class=\"faq-question\"><!-- [et_pb_line_break_holder] -->        \u00bfC\u00f3mo se entrega el trabajo y cu\u00e1les son los plazos?<!-- [et_pb_line_break_holder] -->        <span class=\"faq-icon\">+<\/span><!-- [et_pb_line_break_holder] -->      <\/div>\n<p><!-- [et_pb_line_break_holder] -->      <\/p>\n<div class=\"faq-answer\"><!-- [et_pb_line_break_holder] -->        La entrega digital se realiza mediante una galer\u00eda privada con enlace exclusivo. Puedes descargar todos los archivos y ver un audiovisual con todas las fotos. Tambi\u00e9n puedes adquirir impresiones, \u00e1lbumes y ampliaciones directamente desde la galer\u00eda. Plazos: fotos digitales entre 10 y 30 d\u00edas; productos impresos entre 7 y 30 d\u00edas.<!-- [et_pb_line_break_holder] -->      <\/div>\n<p><!-- [et_pb_line_break_holder] -->    <\/div>\n<p><!-- [et_pb_line_break_holder] --><!-- [et_pb_line_break_holder] -->    <\/p>\n<div class=\"faq-item\"><!-- [et_pb_line_break_holder] -->      <\/p>\n<div class=\"faq-question\"><!-- [et_pb_line_break_holder] -->        \u00bfCu\u00e1ntas fotos entregan?<!-- [et_pb_line_break_holder] -->        <span class=\"faq-icon\">+<\/span><!-- [et_pb_line_break_holder] -->      <\/div>\n<p><!-- [et_pb_line_break_holder] -->      <\/p>\n<div class=\"faq-answer\"><!-- [et_pb_line_break_holder] -->        En las sesiones de boda incluimos siempre la galer\u00eda completa para descargar, entre <strong>400 y 800 fotos seleccionadas y retocadas<\/strong>, en funci\u00f3n del servicio escogido. Adem\u00e1s, tu caja marco con fotos en papel\u2026 <em>\u00abSi las tocas, las tienes\u00bb<\/em>.<!\u2013- [et_pb_br_holder] -\u2013><!\u2013- [et_pb_br_holder] -\u2013><!-- [et_pb_line_break_holder] -->        En el resto de sesiones de eventos, cada pack indica las fotos digitales que incluye, pero siempre podr\u00e1s descargar la galer\u00eda completa por un precio muy ajustado y, por supuesto, tambi\u00e9n tu carpeta con fotos en papel\u2026 <em>\u00abSi las tocas, las tienes\u00bb<\/em>.<!-- [et_pb_line_break_holder] -->      <\/div>\n<p><!-- [et_pb_line_break_holder] -->    <\/div>\n<p><!-- [et_pb_line_break_holder] --><!-- [et_pb_line_break_holder] -->    <\/p>\n<div class=\"faq-item\"><!-- [et_pb_line_break_holder] -->      <\/p>\n<div class=\"faq-question\"><!-- [et_pb_line_break_holder] -->        \u00bfEntregan las fotos en alta resoluci\u00f3n?<!-- [et_pb_line_break_holder] -->        <span class=\"faq-icon\">+<\/span><!-- [et_pb_line_break_holder] -->      <\/div>\n<p><!-- [et_pb_line_break_holder] -->      <\/p>\n<div class=\"faq-answer\"><!-- [et_pb_line_break_holder] -->        S\u00ed, se entregan dos copias: una en alta resoluci\u00f3n y otra en versi\u00f3n web con marca de agua para compartir f\u00e1cilmente en redes sociales.<!-- [et_pb_line_break_holder] -->      <\/div>\n<p><!-- [et_pb_line_break_holder] -->    <\/div>\n<p><!-- [et_pb_line_break_holder] --><!-- [et_pb_line_break_holder] -->    <\/p>\n<div class=\"faq-item\"><!-- [et_pb_line_break_holder] -->      <\/p>\n<div class=\"faq-question\"><!-- [et_pb_line_break_holder] -->        \u00bfHay alg\u00fan costo extra por desplazamiento?<!-- [et_pb_line_break_holder] -->        <span class=\"faq-icon\">+<\/span><!-- [et_pb_line_break_holder] -->      <\/div>\n<p><!-- [et_pb_line_break_holder] -->      <\/p>\n<div class=\"faq-answer\"><!-- [et_pb_line_break_holder] -->        El desplazamiento est\u00e1 incluido dentro de la zona acordada al contratar el servicio. Para ubicaciones m\u00e1s lejanas, se informa previamente del posible suplemento para que no haya sorpresas.<!-- [et_pb_line_break_holder] -->      <\/div>\n<p><!-- [et_pb_line_break_holder] -->    <\/div>\n<p><!-- [et_pb_line_break_holder] --><!-- [et_pb_line_break_holder] -->    <\/p>\n<div class=\"faq-item\"><!-- [et_pb_line_break_holder] -->      <\/p>\n<div class=\"faq-question\"><!-- [et_pb_line_break_holder] -->        \u00bfQu\u00e9 pasa si no puedo asistir al evento?<!-- [et_pb_line_break_holder] -->        <span class=\"faq-icon\">+<\/span><!-- [et_pb_line_break_holder] -->      <\/div>\n<p><!-- [et_pb_line_break_holder] -->      <\/p>\n<div class=\"faq-answer\"><!-- [et_pb_line_break_holder] -->        En caso de imprevisto, avisamos cuanto antes y un fot\u00f3grafo profesional de confianza cubrir\u00e1 tu evento. Es algo muy raro, pero siempre tenemos un plan B.<!-- [et_pb_line_break_holder] -->      <\/div>\n<p><!-- [et_pb_line_break_holder] -->    <\/div>\n<p><!-- [et_pb_line_break_holder] --><!-- [et_pb_line_break_holder] -->    <\/p>\n<div class=\"faq-item\"><!-- [et_pb_line_break_holder] -->      <\/p>\n<div class=\"faq-question\"><!-- [et_pb_line_break_holder] -->        \u00bfCu\u00e1les son las formas y medios de pago?<!-- [et_pb_line_break_holder] -->        <span class=\"faq-icon\">+<\/span><!-- [et_pb_line_break_holder] -->      <\/div>\n<p><!-- [et_pb_line_break_holder] -->      <\/p>\n<div class=\"faq-answer\"><!-- [et_pb_line_break_holder] -->        Aceptamos efectivo, transferencia o tarjeta v\u00eda la p\u00e1gina de reservas online. Se abona una <strong>reserva del 30 %<\/strong> y el total del presupuesto se paga unos d\u00edas antes del evento.<!-- [et_pb_line_break_holder] -->      <\/div>\n<p><!-- [et_pb_line_break_holder] -->    <\/div>\n<p><!-- [et_pb_line_break_holder] --><!-- [et_pb_line_break_holder] -->    <!-- NUEVA PREGUNTA A\u00d1ADIDA --><!-- [et_pb_line_break_holder] -->    <\/p>\n<div class=\"faq-item\"><!-- [et_pb_line_break_holder] -->      <\/p>\n<div class=\"faq-question\"><!-- [et_pb_line_break_holder] -->        \u00bfSe puede cambiar una reserva?<!-- [et_pb_line_break_holder] -->        <span class=\"faq-icon\">+<\/span><!-- [et_pb_line_break_holder] -->      <\/div>\n<p><!-- [et_pb_line_break_holder] -->      <\/p>\n<div class=\"faq-answer\"><!-- [et_pb_line_break_holder] -->        S\u00ed. En el caso de tener que cancelar tu cita te pedimos que sea con la m\u00e1xima antelaci\u00f3n posible y se mover\u00e1 a una nueva fecha. Si nos avisas con menos de 7 d\u00edas de antelaci\u00f3n, no tendr\u00edamos la obligaci\u00f3n de buscar una nueva fecha para la realizaci\u00f3n del trabajo pactado y perder\u00edas la reserva.<!\u2013- [et_pb_br_holder] -\u2013><!\u2013- [et_pb_br_holder] -\u2013><!-- [et_pb_line_break_holder] -->        Si no fuese posible encajar la cita para pack comuni\u00f3n, se cambiar\u00eda para una fecha en un plazo m\u00e1ximo de 3 meses y se realizar\u00eda una sesi\u00f3n con las mismas condiciones (sesi\u00f3n de 60 minutos pack complet).<!-- [et_pb_line_break_holder] -->      <\/div>\n<p><!-- [et_pb_line_break_holder] -->    <\/div>\n<p><!-- [et_pb_line_break_holder] --><!-- [et_pb_line_break_holder] -->  <\/div>\n<p><!-- [et_pb_line_break_holder] --><\/section>\n<p><!-- [et_pb_line_break_holder] --><!-- [et_pb_line_break_holder] --><script><!-- [et_pb_line_break_holder] -->document.querySelectorAll('.faq-item').forEach(item => {<!-- [et_pb_line_break_holder] -->  item.addEventListener('click', () => {<!-- [et_pb_line_break_holder] -->    item.classList.toggle('active');<!-- [et_pb_line_break_holder] -->  });<!-- [et_pb_line_break_holder] -->});<!-- [et_pb_line_break_holder] --><\/script>[\/et_pb_code][\/et_pb_column][\/et_pb_row][\/et_pb_section][et_pb_section fb_built=\u00bb1&#8243; _builder_version=\u00bb4.17.0&#8243; _module_preset=\u00bbdefault\u00bb custom_padding=\u00bb0px|||||\u00bb global_colors_info=\u00bb{}\u00bb][\/et_pb_section][et_pb_section fb_built=\u00bb1&#8243; _builder_version=\u00bb4.27.4&#8243; _module_preset=\u00bbdefault\u00bb global_colors_info=\u00bb{}\u00bb][et_pb_row _builder_version=\u00bb4.27.4&#8243; _module_preset=\u00bbdefault\u00bb global_colors_info=\u00bb{}\u00bb][et_pb_column type=\u00bb4_4&#8243; _builder_version=\u00bb4.27.4&#8243; _module_preset=\u00bbdefault\u00bb global_colors_info=\u00bb{}\u00bb][\/et_pb_column][\/et_pb_row][\/et_pb_section][et_pb_section fb_built=\u00bb1&#8243; theme_builder_area=\u00bbpost_content\u00bb _builder_version=\u00bb4.27.4&#8243; _module_preset=\u00bbdefault\u00bb][et_pb_row _builder_version=\u00bb4.27.4&#8243; _module_preset=\u00bbdefault\u00bb theme_builder_area=\u00bbpost_content\u00bb][et_pb_column _builder_version=\u00bb4.27.4&#8243; _module_preset=\u00bbdefault\u00bb theme_builder_area=\u00bbpost_content\u00bb type=\u00bb4_4&#8243;][et_pb_image src=\u00bbhttps:\/\/danilegazfotografo.com\/wp-content\/uploads\/2026\/02\/WhatsApp-Image-2026-02-05-at-17.26.15-3-1.jpeg\u00bb _builder_version=\u00bb4.27.4&#8243; _module_preset=\u00bbdefault\u00bb theme_builder_area=\u00bbpost_content\u00bb][\/et_pb_image][\/et_pb_column][\/et_pb_row][\/et_pb_section][et_pb_section fb_built=\u00bb1&#8243; theme_builder_area=\u00bbpost_content\u00bb _builder_version=\u00bb4.27.4&#8243; _module_preset=\u00bbdefault\u00bb][et_pb_row _builder_version=\u00bb4.27.4&#8243; _module_preset=\u00bbdefault\u00bb theme_builder_area=\u00bbpost_content\u00bb][et_pb_column _builder_version=\u00bb4.27.4&#8243; _module_preset=\u00bbdefault\u00bb theme_builder_area=\u00bbpost_content\u00bb type=\u00bb4_4&#8243;][et_pb_image src=\u00bbhttps:\/\/danilegazfotografo.com\/wp-content\/uploads\/2026\/02\/WhatsApp-Image-2026-02-05-at-17.27.07.jpeg\u00bb _builder_version=\u00bb4.27.4&#8243; _module_preset=\u00bbdefault\u00bb theme_builder_area=\u00bbpost_content\u00bb hover_enabled=\u00bb0&#8243; sticky_enabled=\u00bb0&#8243;][\/et_pb_image][\/et_pb_column][\/et_pb_row][\/et_pb_section]<\/p>\n","protected":false},"excerpt":{"rendered":"<p>Fotograf\u00eda de bodas y eventos familiaresLos eventos familiares y en particular las bodas, son momentos \u00fanicos e irrepetibles, llenos de emociones, miradas c\u00f3mplices y recuerdos que querr\u00e1s conservar para siempre.Vuestra boda, tal como la vais a recordar siempreUn d\u00eda lleno de emociones, miradas y abrazos que pasan sin darte cuenta. Mi trabajo es capturar cada [&hellip;]<\/p>\n","protected":false},"author":2,"featured_media":0,"parent":0,"menu_order":0,"comment_status":"closed","ping_status":"closed","template":"","meta":{"_et_pb_use_builder":"on","_et_pb_old_content":"","_et_gb_content_width":"","two_page_speed":[],"_joinchat":[],"footnotes":""},"yoast_head":"<!-- This site is optimized with the Yoast SEO plugin v24.3 - https:\/\/yoast.com\/wordpress\/plugins\/seo\/ -->\n<title>Fotograf\u00eda de bodas y eventos familiares en Vila-Seca, Tarragona - Dani Legaz Fotograf\u00eda - Estudio fotogr\u00e1fico especializado en fotograf\u00eda infantil, maternidad, beb\u00e9s y familias en Vila Seca Tarragona | Dani Legaz Fotograf\u00eda<\/title>\n<meta name=\"robots\" content=\"index, follow, max-snippet:-1, max-image-preview:large, max-video-preview:-1\" \/>\n<link rel=\"canonical\" href=\"https:\/\/danilegazfotografo.com\/ca\/fotografia-de-bodas-y-eventos-familiares-en-vila-seca-tarragona-dani-legaz-fotografia\/\" \/>\n<meta property=\"og:locale\" content=\"ca_ES\" \/>\n<meta property=\"og:type\" content=\"article\" \/>\n<meta property=\"og:title\" content=\"Fotograf\u00eda de bodas y eventos familiares en Vila-Seca, Tarragona - Dani Legaz Fotograf\u00eda - Estudio fotogr\u00e1fico especializado en fotograf\u00eda infantil, maternidad, beb\u00e9s y familias en Vila Seca Tarragona | Dani Legaz Fotograf\u00eda\" \/>\n<meta property=\"og:description\" content=\"Fotograf\u00eda de bodas y eventos familiaresLos eventos familiares y en particular las bodas, son momentos \u00fanicos e irrepetibles, llenos de emociones, miradas c\u00f3mplices y recuerdos que querr\u00e1s conservar para siempre.Vuestra boda, tal como la vais a recordar siempreUn d\u00eda lleno de emociones, miradas y abrazos que pasan sin darte cuenta. Mi trabajo es capturar cada [&hellip;]\" \/>\n<meta property=\"og:url\" content=\"https:\/\/danilegazfotografo.com\/ca\/fotografia-de-bodas-y-eventos-familiares-en-vila-seca-tarragona-dani-legaz-fotografia\/\" \/>\n<meta property=\"og:site_name\" content=\"Estudio fotogr\u00e1fico especializado en fotograf\u00eda infantil, maternidad, beb\u00e9s y familias en Vila Seca Tarragona | Dani Legaz Fotograf\u00eda\" \/>\n<meta property=\"article:modified_time\" content=\"2026-02-06T08:09:12+00:00\" \/>\n<meta name=\"twitter:card\" content=\"summary_large_image\" \/>\n<meta name=\"twitter:label1\" content=\"Temps estimat de lectura\" \/>\n\t<meta name=\"twitter:data1\" content=\"9 minuts\" \/>\n<script type=\"application\/ld+json\" class=\"yoast-schema-graph\">{\"@context\":\"https:\/\/schema.org\",\"@graph\":[{\"@type\":\"WebPage\",\"@id\":\"https:\/\/danilegazfotografo.com\/fotografia-de-bodas-y-eventos-familiares-en-vila-seca-tarragona-dani-legaz-fotografia\/\",\"url\":\"https:\/\/danilegazfotografo.com\/fotografia-de-bodas-y-eventos-familiares-en-vila-seca-tarragona-dani-legaz-fotografia\/\",\"name\":\"Fotograf\u00eda de bodas y eventos familiares en Vila-Seca, Tarragona - Dani Legaz Fotograf\u00eda - Estudio fotogr\u00e1fico especializado en fotograf\u00eda infantil, maternidad, beb\u00e9s y familias en Vila Seca Tarragona | Dani Legaz Fotograf\u00eda\",\"isPartOf\":{\"@id\":\"https:\/\/danilegazfotografo.com\/#website\"},\"datePublished\":\"2023-06-19T10:44:21+00:00\",\"dateModified\":\"2026-02-06T08:09:12+00:00\",\"breadcrumb\":{\"@id\":\"https:\/\/danilegazfotografo.com\/fotografia-de-bodas-y-eventos-familiares-en-vila-seca-tarragona-dani-legaz-fotografia\/#breadcrumb\"},\"inLanguage\":\"ca\",\"potentialAction\":[{\"@type\":\"ReadAction\",\"target\":[\"https:\/\/danilegazfotografo.com\/fotografia-de-bodas-y-eventos-familiares-en-vila-seca-tarragona-dani-legaz-fotografia\/\"]}]},{\"@type\":\"BreadcrumbList\",\"@id\":\"https:\/\/danilegazfotografo.com\/fotografia-de-bodas-y-eventos-familiares-en-vila-seca-tarragona-dani-legaz-fotografia\/#breadcrumb\",\"itemListElement\":[{\"@type\":\"ListItem\",\"position\":1,\"name\":\"Portada\",\"item\":\"https:\/\/danilegazfotografo.com\/\"},{\"@type\":\"ListItem\",\"position\":2,\"name\":\"Fotograf\u00eda de bodas y eventos familiares en Vila-Seca, Tarragona &#8211; Dani Legaz Fotograf\u00eda\"}]},{\"@type\":\"WebSite\",\"@id\":\"https:\/\/danilegazfotografo.com\/#website\",\"url\":\"https:\/\/danilegazfotografo.com\/\",\"name\":\"Estudio fotogr\u00e1fico especializado en fotograf\u00eda infantil, maternidad, beb\u00e9s y familias en Vila Seca Tarragona | Dani Legaz Fotograf\u00eda\",\"description\":\"En Dani Legaz Fotograf\u00eda, nuestro estudio fotogr\u00e1fico en Vila Seca Tarragona, somos especialistas en capturar los momentos m\u00e1s tiernos y emotivos de la vida de las familias. Ofrecemos reportajes en estudio y exteriores para beb\u00e9s, maternidad, ni\u00f1os y familias. \u00a1Cont\u00e1ctanos para crear juntos un recuerdo inolvidable!\",\"potentialAction\":[{\"@type\":\"SearchAction\",\"target\":{\"@type\":\"EntryPoint\",\"urlTemplate\":\"https:\/\/danilegazfotografo.com\/?s={search_term_string}\"},\"query-input\":{\"@type\":\"PropertyValueSpecification\",\"valueRequired\":true,\"valueName\":\"search_term_string\"}}],\"inLanguage\":\"ca\"}]}<\/script>\n<!-- \/ Yoast SEO plugin. -->","yoast_head_json":{"title":"Fotograf\u00eda de bodas y eventos familiares en Vila-Seca, Tarragona - Dani Legaz Fotograf\u00eda - Estudio fotogr\u00e1fico especializado en fotograf\u00eda infantil, maternidad, beb\u00e9s y familias en Vila Seca Tarragona | Dani Legaz Fotograf\u00eda","robots":{"index":"index","follow":"follow","max-snippet":"max-snippet:-1","max-image-preview":"max-image-preview:large","max-video-preview":"max-video-preview:-1"},"canonical":"https:\/\/danilegazfotografo.com\/ca\/fotografia-de-bodas-y-eventos-familiares-en-vila-seca-tarragona-dani-legaz-fotografia\/","og_locale":"ca_ES","og_type":"article","og_title":"Fotograf\u00eda de bodas y eventos familiares en Vila-Seca, Tarragona - Dani Legaz Fotograf\u00eda - Estudio fotogr\u00e1fico especializado en fotograf\u00eda infantil, maternidad, beb\u00e9s y familias en Vila Seca Tarragona | Dani Legaz Fotograf\u00eda","og_description":"Fotograf\u00eda de bodas y eventos familiaresLos eventos familiares y en particular las bodas, son momentos \u00fanicos e irrepetibles, llenos de emociones, miradas c\u00f3mplices y recuerdos que querr\u00e1s conservar para siempre.Vuestra boda, tal como la vais a recordar siempreUn d\u00eda lleno de emociones, miradas y abrazos que pasan sin darte cuenta. Mi trabajo es capturar cada [&hellip;]","og_url":"https:\/\/danilegazfotografo.com\/ca\/fotografia-de-bodas-y-eventos-familiares-en-vila-seca-tarragona-dani-legaz-fotografia\/","og_site_name":"Estudio fotogr\u00e1fico especializado en fotograf\u00eda infantil, maternidad, beb\u00e9s y familias en Vila Seca Tarragona | Dani Legaz Fotograf\u00eda","article_modified_time":"2026-02-06T08:09:12+00:00","twitter_card":"summary_large_image","twitter_misc":{"Temps estimat de lectura":"9 minuts"},"schema":{"@context":"https:\/\/schema.org","@graph":[{"@type":"WebPage","@id":"https:\/\/danilegazfotografo.com\/fotografia-de-bodas-y-eventos-familiares-en-vila-seca-tarragona-dani-legaz-fotografia\/","url":"https:\/\/danilegazfotografo.com\/fotografia-de-bodas-y-eventos-familiares-en-vila-seca-tarragona-dani-legaz-fotografia\/","name":"Fotograf\u00eda de bodas y eventos familiares en Vila-Seca, Tarragona - Dani Legaz Fotograf\u00eda - Estudio fotogr\u00e1fico especializado en fotograf\u00eda infantil, maternidad, beb\u00e9s y familias en Vila Seca Tarragona | Dani Legaz Fotograf\u00eda","isPartOf":{"@id":"https:\/\/danilegazfotografo.com\/#website"},"datePublished":"2023-06-19T10:44:21+00:00","dateModified":"2026-02-06T08:09:12+00:00","breadcrumb":{"@id":"https:\/\/danilegazfotografo.com\/fotografia-de-bodas-y-eventos-familiares-en-vila-seca-tarragona-dani-legaz-fotografia\/#breadcrumb"},"inLanguage":"ca","potentialAction":[{"@type":"ReadAction","target":["https:\/\/danilegazfotografo.com\/fotografia-de-bodas-y-eventos-familiares-en-vila-seca-tarragona-dani-legaz-fotografia\/"]}]},{"@type":"BreadcrumbList","@id":"https:\/\/danilegazfotografo.com\/fotografia-de-bodas-y-eventos-familiares-en-vila-seca-tarragona-dani-legaz-fotografia\/#breadcrumb","itemListElement":[{"@type":"ListItem","position":1,"name":"Portada","item":"https:\/\/danilegazfotografo.com\/"},{"@type":"ListItem","position":2,"name":"Fotograf\u00eda de bodas y eventos familiares en Vila-Seca, Tarragona &#8211; Dani Legaz Fotograf\u00eda"}]},{"@type":"WebSite","@id":"https:\/\/danilegazfotografo.com\/#website","url":"https:\/\/danilegazfotografo.com\/","name":"Estudio fotogr\u00e1fico especializado en fotograf\u00eda infantil, maternidad, beb\u00e9s y familias en Vila Seca Tarragona | Dani Legaz Fotograf\u00eda","description":"En Dani Legaz Fotograf\u00eda, nuestro estudio fotogr\u00e1fico en Vila Seca Tarragona, somos especialistas en capturar los momentos m\u00e1s tiernos y emotivos de la vida de las familias. Ofrecemos reportajes en estudio y exteriores para beb\u00e9s, maternidad, ni\u00f1os y familias. \u00a1Cont\u00e1ctanos para crear juntos un recuerdo inolvidable!","potentialAction":[{"@type":"SearchAction","target":{"@type":"EntryPoint","urlTemplate":"https:\/\/danilegazfotografo.com\/?s={search_term_string}"},"query-input":{"@type":"PropertyValueSpecification","valueRequired":true,"valueName":"search_term_string"}}],"inLanguage":"ca"}]}},"_links":{"self":[{"href":"https:\/\/danilegazfotografo.com\/ca\/wp-json\/wp\/v2\/pages\/1210"}],"collection":[{"href":"https:\/\/danilegazfotografo.com\/ca\/wp-json\/wp\/v2\/pages"}],"about":[{"href":"https:\/\/danilegazfotografo.com\/ca\/wp-json\/wp\/v2\/types\/page"}],"author":[{"embeddable":true,"href":"https:\/\/danilegazfotografo.com\/ca\/wp-json\/wp\/v2\/users\/2"}],"replies":[{"embeddable":true,"href":"https:\/\/danilegazfotografo.com\/ca\/wp-json\/wp\/v2\/comments?post=1210"}],"version-history":[{"count":94,"href":"https:\/\/danilegazfotografo.com\/ca\/wp-json\/wp\/v2\/pages\/1210\/revisions"}],"predecessor-version":[{"id":3726,"href":"https:\/\/danilegazfotografo.com\/ca\/wp-json\/wp\/v2\/pages\/1210\/revisions\/3726"}],"wp:attachment":[{"href":"https:\/\/danilegazfotografo.com\/ca\/wp-json\/wp\/v2\/media?parent=1210"}],"curies":[{"name":"wp","href":"https:\/\/api.w.org\/{rel}","templated":true}]}}