{"id":1205,"date":"2023-06-19T12:42:37","date_gmt":"2023-06-19T10:42:37","guid":{"rendered":"https:\/\/danilegazfotografo.com\/?page_id=1205"},"modified":"2025-02-21T09:35:40","modified_gmt":"2025-02-21T08:35:40","slug":"tarjetas-regalo-reportajes-fotograficos-vila-seca-tarragona","status":"publish","type":"page","link":"https:\/\/danilegazfotografo.com\/ca\/tarjetas-regalo-reportajes-fotograficos-vila-seca-tarragona\/","title":{"rendered":"Tarjetas regalo reportajes fotograficos en Vila-Seca, Tarragona &#8211; Dani Legaz Fotograf\u00eda"},"content":{"rendered":"<p>[et_pb_section fb_built=\u00bb1&#8243; admin_label=\u00bbHero\u00bb _builder_version=\u00bb4.26.0&#8243; _module_preset=\u00bbdefault\u00bb use_background_color_gradient=\u00bbon\u00bb background_color_gradient_stops=\u00bbrgba(0,0,0,0.6) 0%|rgba(0,0,0,0.6) 100%\u00bb background_color_gradient_overlays_image=\u00bbon\u00bb background_color_gradient_start=\u00bbrgba(0,0,0,0.6)\u00bb background_color_gradient_end=\u00bbrgba(0,0,0,0.6)\u00bb background_image=\u00bbhttps:\/\/danilegazfotografo.com\/wp-content\/uploads\/2024\/11\/ARES-PAPA__062.jpg\u00bb custom_padding=\u00bb110px|0px|110px|0px|false|false\u00bb animation_style=\u00bbzoom\u00bb animation_intensity_zoom=\u00bb4%\u00bb global_colors_info=\u00bb{}\u00bb][et_pb_row _builder_version=\u00bb4.16&#8243; _module_preset=\u00bbdefault\u00bb background_size=\u00bbinitial\u00bb background_position=\u00bbtop_left\u00bb background_repeat=\u00bbrepeat\u00bb custom_padding=\u00bb|||\u00bb animation_style=\u00bbslide\u00bb animation_direction=\u00bbtop\u00bb animation_intensity_slide=\u00bb3%\u00bb global_colors_info=\u00bb{}\u00bb][et_pb_column type=\u00bb4_4&#8243; _builder_version=\u00bb4.16&#8243; _module_preset=\u00bbdefault\u00bb custom_padding=\u00bb|||\u00bb global_colors_info=\u00bb{}\u00bb custom_padding__hover=\u00bb|||\u00bb][et_pb_text _builder_version=\u00bb4.18.0&#8243; _module_preset=\u00bbdefault\u00bb text_font=\u00bb||||||||\u00bb header_font=\u00bbMontserrat|700||on|||||\u00bb header_text_color=\u00bb#ffffff\u00bb header_line_height=\u00bb1.3em\u00bb header_2_font=\u00bb||||||||\u00bb background_size=\u00bbinitial\u00bb background_position=\u00bbtop_left\u00bb background_repeat=\u00bbrepeat\u00bb custom_margin=\u00bb|||\u00bb animation_style=\u00bbfade\u00bb header_font_size_last_edited=\u00bboff|desktop\u00bb locked=\u00bboff\u00bb global_colors_info=\u00bb{}\u00bb]<\/p>\n<h1>Tarjetas regalo<\/h1>\n<p>[\/et_pb_text][et_pb_text _builder_version=\u00bb4.18.0&#8243; _module_preset=\u00bbdefault\u00bb text_font=\u00bb||||||||\u00bb text_text_color=\u00bb#ffffff\u00bb text_line_height=\u00bb1.8em\u00bb background_size=\u00bbinitial\u00bb background_position=\u00bbtop_left\u00bb background_repeat=\u00bbrepeat\u00bb max_width=\u00bb700px\u00bb module_alignment=\u00bbleft\u00bb animation_style=\u00bbflip\u00bb animation_direction=\u00bbtop\u00bb animation_intensity_flip=\u00bb20%\u00bb locked=\u00bboff\u00bb global_colors_info=\u00bb{}\u00bb]<\/p>\n<p><span style=\"font-family: inherit; font-weight: normal;\">Regala memoria a tus seres queridos con las Tarjetas Regalo de Dani Legaz. Nuestras tarjetas son m\u00e1s que un simple regalo, son una invitaci\u00f3n a una experiencia \u00fanica, una oportunidad de inmortalizar momentos preciosos. Permite a tus seres queridos capturar eventos familiares, retratos, o cualquier ocasi\u00f3n especial con la calidad art\u00edstica y profesional de Dani Legaz. Un obsequio que resuena en el coraz\u00f3n, las tarjetas regalo de Dani Legaz ofrecen un viaje sentimental hacia el recuerdo, la emoci\u00f3n y la belleza eterna.<\/span><\/p>\n<p>[\/et_pb_text][\/et_pb_column][\/et_pb_row][\/et_pb_section][et_pb_section fb_built=\u00bb1&#8243; admin_label=\u00bbText and Image\u00bb _builder_version=\u00bb4.16&#8243; _module_preset=\u00bbdefault\u00bb background_color=\u00bb#f7f7f7&#8243; custom_padding=\u00bb110px|0px|2px|0px||\u00bb global_colors_info=\u00bb{}\u00bb][et_pb_row column_structure=\u00bb1_2,1_2&#8243; _builder_version=\u00bb4.16&#8243; _module_preset=\u00bbdefault\u00bb background_size=\u00bbinitial\u00bb background_position=\u00bbtop_left\u00bb background_repeat=\u00bbrepeat\u00bb global_colors_info=\u00bb{}\u00bb][et_pb_column type=\u00bb1_2&#8243; _builder_version=\u00bb4.16&#8243; _module_preset=\u00bbdefault\u00bb custom_padding=\u00bb|||\u00bb global_colors_info=\u00bb{}\u00bb custom_padding__hover=\u00bb|||\u00bb][et_pb_text _builder_version=\u00bb4.18.0&#8243; _module_preset=\u00bbdefault\u00bb text_font=\u00bb||||||||\u00bb text_text_color=\u00bb#747d88&#8243; text_line_height=\u00bb1.8em\u00bb header_font=\u00bb||||||||\u00bb header_2_font_size=\u00bb22px\u00bb header_3_font=\u00bbMontserrat||||||||\u00bb header_3_line_height=\u00bb1.5em\u00bb background_size=\u00bbinitial\u00bb background_position=\u00bbtop_left\u00bb background_repeat=\u00bbrepeat\u00bb max_width=\u00bb700px\u00bb module_alignment=\u00bbcenter\u00bb custom_margin=\u00bb||||false|false\u00bb animation_style=\u00bbfade\u00bb animation_direction=\u00bbtop\u00bb global_colors_info=\u00bb{}\u00bb]<\/p>\n<h2><span style=\"font-weight: 400; color: #333333;\">Dani Legaz, fot\u00f3grafo especializado en fotograf\u00eda de familias.<\/span><\/h2>\n<p><span style=\"font-weight: 400;\"><\/span><\/p>\n<p data-start=\"44\" data-end=\"308\">Las <strong data-start=\"48\" data-end=\"67\">Tarjetas Regalo<\/strong> de <strong data-start=\"71\" data-end=\"85\">Dani Legaz<\/strong> son el regalo perfecto para quienes valoran los recuerdos y el arte fotogr\u00e1fico. Cada tarjeta ofrece la oportunidad de capturar momentos que se convierten en <strong data-start=\"244\" data-end=\"266\">memorias duraderas<\/strong> a trav\u00e9s de <strong data-start=\"279\" data-end=\"307\">im\u00e1genes de alta calidad<\/strong>.<\/p>\n<p data-start=\"310\" data-end=\"568\">Regalar una sesi\u00f3n de fotos no solo significa ofrecer una imagen, sino una <strong data-start=\"385\" data-end=\"414\">experiencia significativa<\/strong>. Ya sea una <strong data-start=\"427\" data-end=\"446\">sesi\u00f3n familiar<\/strong>, <strong data-start=\"448\" data-end=\"473\">retratos individuales<\/strong> o cobertura de <strong data-start=\"489\" data-end=\"500\">eventos<\/strong>, nuestras tarjetas son una manera \u00fanica de decir <strong data-start=\"550\" data-end=\"567\">\u00abme importas\u00bb<\/strong>.<\/p>\n<p data-start=\"570\" data-end=\"739\">Adem\u00e1s, las tarjetas ofrecen <strong data-start=\"599\" data-end=\"615\">flexibilidad<\/strong>, permitiendo que el destinatario reserve su sesi\u00f3n seg\u00fan su conveniencia, eligiendo el momento y lugar que m\u00e1s le convenga.<\/p>\n<p data-start=\"741\" data-end=\"1041\" data-is-last-node=\"\" data-is-only-node=\"\">Regala la oportunidad de <strong data-start=\"766\" data-end=\"786\">contar historias<\/strong>, <strong data-start=\"788\" data-end=\"820\">capturar momentos especiales<\/strong> y <strong data-start=\"823\" data-end=\"845\">congelar el tiempo<\/strong> en una imagen que perdurar\u00e1 para siempre. Cada tarjeta es m\u00e1s que un simple regalo; es una experiencia \u00fanica que <strong data-start=\"959\" data-end=\"987\">deja una huella duradera<\/strong> y permite crear <strong data-start=\"1004\" data-end=\"1040\">recuerdos que atesorar\u00e1n siempre<\/strong>.<\/p>\n<p>[\/et_pb_text][\/et_pb_column][et_pb_column type=\u00bb1_2&#8243; _builder_version=\u00bb4.16&#8243; _module_preset=\u00bbdefault\u00bb custom_padding=\u00bb|||\u00bb global_colors_info=\u00bb{}\u00bb custom_padding__hover=\u00bb|||\u00bb][et_pb_image src=\u00bbhttps:\/\/danilegazfotografo.com\/wp-content\/uploads\/2024\/11\/sin-titulo_003-1.jpg\u00bb title_text=\u00bbsin ti\u0301tulo_003 (1)\u00bb align_tablet=\u00bbcenter\u00bb align_phone=\u00bbcenter\u00bb align_last_edited=\u00bbon|desktop\u00bb _builder_version=\u00bb4.26.0&#8243; _module_preset=\u00bbdefault\u00bb animation_style=\u00bbslide\u00bb animation_direction=\u00bbright\u00bb animation_intensity_slide=\u00bb10%\u00bb global_colors_info=\u00bb{}\u00bb][\/et_pb_image][\/et_pb_column][\/et_pb_row][et_pb_row _builder_version=\u00bb4.18.0&#8243; _module_preset=\u00bbdefault\u00bb global_colors_info=\u00bb{}\u00bb][et_pb_column type=\u00bb4_4&#8243; _builder_version=\u00bb4.18.0&#8243; _module_preset=\u00bbdefault\u00bb global_colors_info=\u00bb{}\u00bb][et_pb_text _builder_version=\u00bb4.26.0&#8243; _module_preset=\u00bbdefault\u00bb header_2_font=\u00bb|700|||||||\u00bb header_2_font_size=\u00bb22px\u00bb text_orientation=\u00bbcenter\u00bb global_colors_info=\u00bb{}\u00bb]<\/p>\n<h2>DIA DE LA MADRE, DIA DEL PADRE, CUMPLEA\u00d1OS, NAVIDADES, SAN VALENT\u00cdN&#8230;<br \/>\u00bfHARTA DE REGALAR SIEMPRE LO MISMO?<\/h2>\n<h2><b><br \/>REGALA RECUERDOS PARA SIEMPRE POR MUY POQUITO&#8230; TUS SERES QUERIDOS TE LO<br \/>AGRADECERAN SEGURO<\/b><\/h2>\n<p>[\/et_pb_text][\/et_pb_column][\/et_pb_row][et_pb_row column_structure=\u00bb1_3,1_3,1_3&#8243; _builder_version=\u00bb4.18.0&#8243; _module_preset=\u00bbdefault\u00bb custom_padding=\u00bb||76px|||\u00bb global_colors_info=\u00bb{}\u00bb][et_pb_column type=\u00bb1_3&#8243; _builder_version=\u00bb4.18.0&#8243; _module_preset=\u00bbdefault\u00bb global_colors_info=\u00bb{}\u00bb][et_pb_text _builder_version=\u00bb4.26.0&#8243; _module_preset=\u00bbdefault\u00bb custom_padding=\u00bb40px|40px|40px|40px|false|false\u00bb border_width_all=\u00bb2px\u00bb border_color_all=\u00bb#bc8f56&#8243; global_colors_info=\u00bb{}\u00bb]<\/p>\n<h2>TROCITOS DE TI<\/h2>\n<p>&nbsp;<\/p>\n<p>Asesoramiento vestuario y fondo<\/p>\n<p>Sesi\u00f3n estudio 30 min<br \/>Env\u00edo galer\u00eda personalizada online<\/p>\n<p>Selecci\u00f3n y descarga de 1 archivos HD sin firma desde tu galer\u00eda<\/p>\n<p>1 ampliaci\u00f3n 20&#215;25 en papel<br \/>profesional<\/p>\n<p>2 copias 15\u00d720 en papel profesional<\/p>\n<p>Iva incluido<\/p>\n<h2 style=\"text-align: right;\"><\/h2>\n<h2 style=\"text-align: right;\"><span><\/span><\/h2>\n<h2 style=\"text-align: right;\"><span><\/span><\/h2>\n<h2 style=\"text-align: right;\"><span><\/span><\/h2>\n<h2 style=\"text-align: right;\"><span>99\u20ac<\/span><\/h2>\n<p>[\/et_pb_text][et_pb_button button_url=\u00bbhttps:\/\/software.adminphoto.com\/formularioreservacampos\/public\/2c82c02c19a66451&#8243; button_text=\u00bb\u00a1Quiero mi sesi\u00f3n!\u00bb button_alignment=\u00bbcenter\u00bb _builder_version=\u00bb4.26.0&#8243; _module_preset=\u00bbdefault\u00bb custom_button=\u00bbon\u00bb button_text_color=\u00bb#FFFFFF\u00bb button_bg_color=\u00bb#bc8f56&#8243; button_icon_color=\u00bb#FFFFFF\u00bb global_colors_info=\u00bb{}\u00bb][\/et_pb_button][\/et_pb_column][et_pb_column type=\u00bb1_3&#8243; _builder_version=\u00bb4.18.0&#8243; _module_preset=\u00bbdefault\u00bb global_colors_info=\u00bb{}\u00bb][et_pb_text _builder_version=\u00bb4.18.0&#8243; _module_preset=\u00bbdefault\u00bb background_color=\u00bb#FFFFFF\u00bb custom_padding=\u00bb40px|40px|40px|40px|false|false\u00bb border_width_all=\u00bb2px\u00bb border_color_all=\u00bb#bc8f56&#8243; global_colors_info=\u00bb{}\u00bb]<\/p>\n<h2>EN MI LUGAR FAVORITO<\/h2>\n<p>&nbsp;<\/p>\n<p>Asesoramiento vestuario y fondo<\/p>\n<p>Sesi\u00f3n Exterior 30 min en mi Granja estudio<\/p>\n<p>Env\u00edo galer\u00eda personalizada online<\/p>\n<p>Selecci\u00f3n y descarga de 3 archivos HD desde tu galer\u00eda<\/p>\n<p>3 fotograf\u00edas en papel profesional 15\u00d720<\/p>\n<p>Iva incluido<\/p>\n<h2 style=\"text-align: right;\"><span><\/span><\/h2>\n<h2 style=\"text-align: right;\"><span><\/span><\/h2>\n<h2 style=\"text-align: right;\"><span><\/span><\/h2>\n<h2 style=\"text-align: right;\"><span><\/span><\/h2>\n<h2 style=\"text-align: right;\"><span><\/span><\/h2>\n<h2 style=\"text-align: right;\">150\u20ac<\/h2>\n<p>[\/et_pb_text][et_pb_button button_url=\u00bbhttps:\/\/software.adminphoto.com\/formularioreservacampos\/public\/2c82c02c19a66451&#8243; button_text=\u00bb\u00a1Quiero mi sesi\u00f3n!\u00bb button_alignment=\u00bbcenter\u00bb _builder_version=\u00bb4.26.0&#8243; _module_preset=\u00bbdefault\u00bb custom_button=\u00bbon\u00bb button_text_color=\u00bb#FFFFFF\u00bb button_bg_color=\u00bb#bc8f56&#8243; button_icon_color=\u00bb#FFFFFF\u00bb global_colors_info=\u00bb{}\u00bb][\/et_pb_button][\/et_pb_column][et_pb_column type=\u00bb1_3&#8243; _builder_version=\u00bb4.18.0&#8243; _module_preset=\u00bbdefault\u00bb global_colors_info=\u00bb{}\u00bb][et_pb_text _builder_version=\u00bb4.18.0&#8243; _module_preset=\u00bbdefault\u00bb background_enable_color=\u00bboff\u00bb custom_padding=\u00bb40px|40px|40px|40px|false|false\u00bb border_width_all=\u00bb2px\u00bb border_color_all=\u00bb#bc8f56&#8243; global_colors_info=\u00bb{}\u00bb]<\/p>\n<h2>DECORA CON LO QUE M\u00c1S QUIERES<\/h2>\n<p>&nbsp;<\/p>\n<p>Asesoramiento vestuario y fondo<\/p>\n<p>Sesi\u00f3n estudio o exterior a elegir de 30 min.<\/p>\n<p>Env\u00edo galer\u00eda personalizada online<\/p>\n<p>Selecci\u00f3n y descarga de 3 archivos HD desde tu galer\u00eda<\/p>\n<p>3 fotograf\u00edas en papel profesional 15\u00d720. Lienzo 50\u00d770 de la que prefieras de<br \/>las escogidas<\/p>\n<p>Iva incluido<\/p>\n<h2 style=\"text-align: right;\"><span><\/span><\/h2>\n<h2 style=\"text-align: right;\"><span><\/span><\/h2>\n<h2 style=\"text-align: right;\"><span><\/span><\/h2>\n<h2 style=\"text-align: right;\"><span><\/span><\/h2>\n<h2 style=\"text-align: right;\"><span><\/span><\/h2>\n<h2 style=\"text-align: right;\"><span>250\u20ac<\/span><\/h2>\n<p>[\/et_pb_text][et_pb_button button_url=\u00bbhttps:\/\/software.adminphoto.com\/formularioreservacampos\/public\/2c82c02c19a66451&#8243; button_text=\u00bb\u00a1Quiero mi sesi\u00f3n!\u00bb button_alignment=\u00bbcenter\u00bb _builder_version=\u00bb4.26.0&#8243; _module_preset=\u00bbdefault\u00bb custom_button=\u00bbon\u00bb button_text_color=\u00bb#FFFFFF\u00bb button_bg_color=\u00bb#bc8f56&#8243; button_icon_color=\u00bb#FFFFFF\u00bb global_colors_info=\u00bb{}\u00bb][\/et_pb_button][\/et_pb_column][\/et_pb_row][\/et_pb_section][et_pb_section fb_built=\u00bb1&#8243; _builder_version=\u00bb4.17.0&#8243; _module_preset=\u00bbdefault\u00bb custom_padding=\u00bb||40px|||\u00bb global_colors_info=\u00bb{}\u00bb][et_pb_row _builder_version=\u00bb4.17.0&#8243; _module_preset=\u00bbdefault\u00bb global_colors_info=\u00bb{}\u00bb][et_pb_column type=\u00bb4_4&#8243; _builder_version=\u00bb4.17.0&#8243; _module_preset=\u00bbdefault\u00bb global_colors_info=\u00bb{}\u00bb][et_pb_text _builder_version=\u00bb4.18.0&#8243; _module_preset=\u00bbdefault\u00bb inline_fonts=\u00bbABeeZee\u00bb global_colors_info=\u00bb{}\u00bb]<\/p>\n<p style=\"text-align: center;\"><span style=\"font-family: inherit; font-weight: normal;\">Haznos llegar un dibujo de tus hijos, una ecograf\u00eda de esa amiga a la que quieres regalar o una frase que tenga significado para esa persona a la que va dirigida el regalo y te prepararemos un tarjet\u00f3n 15&#215;15, para que entregues ese d\u00eda elegido a tu pareja, abuelos, familia o amigos &#8230;Incluido en el precio de tu tarjeta regalo<\/span><\/p>\n<p>[\/et_pb_text][et_pb_image src=\u00bbhttps:\/\/danilegazfotografo.com\/wp-content\/uploads\/2023\/06\/tarjeta-regalo-sesion-fotos-tarragona.jpg\u00bb title_text=\u00bbtarjeta regalo sesion fotos tarragona\u00bb _builder_version=\u00bb4.18.0&#8243; _module_preset=\u00bbdefault\u00bb global_colors_info=\u00bb{}\u00bb][\/et_pb_image][\/et_pb_column][\/et_pb_row][\/et_pb_section][et_pb_section fb_built=\u00bb1&#8243; _builder_version=\u00bb4.17.0&#8243; _module_preset=\u00bbdefault\u00bb custom_padding=\u00bb0px|||||\u00bb global_colors_info=\u00bb{}\u00bb][et_pb_row _builder_version=\u00bb4.17.0&#8243; _module_preset=\u00bbdefault\u00bb custom_padding=\u00bb||0px|||\u00bb global_colors_info=\u00bb{}\u00bb][et_pb_column type=\u00bb4_4&#8243; _builder_version=\u00bb4.17.0&#8243; _module_preset=\u00bbdefault\u00bb global_colors_info=\u00bb{}\u00bb][et_pb_text _builder_version=\u00bb4.18.0&#8243; _module_preset=\u00bbdefault\u00bb header_2_font=\u00bb||||||||\u00bb header_2_font_size=\u00bb22px\u00bb text_orientation=\u00bbcenter\u00bb custom_margin=\u00bb||90px|||\u00bb global_colors_info=\u00bb{}\u00bb]<\/p>\n<h2 style=\"text-align: center;\"><strong>Todo lo que necesitas saber:<\/strong><\/h2>\n<h2 style=\"text-align: center;\">Las sesiones de fotos familiares<\/h2>\n<p>[\/et_pb_text][et_pb_text _builder_version=\u00bb4.18.0&#8243; _module_preset=\u00bbdefault\u00bb inline_fonts=\u00bbABeeZee\u00bb global_colors_info=\u00bb{}\u00bb]<\/p>\n<p><span data-sheets-value=\"{&quot;1&quot;:2,&quot;2&quot;:&quot;\u00bfCu\u00e1ndo se realiza la sesi\u00f3n de familia?nnSe pueden realizar durante todo el a\u00f1o, siempre tenemos un decorado exclusivo&quot; &quot;para nuestras familias, estos son atemporales para que combinen siempre y nunca pasen de moda. &quot;}\" data-sheets-userformat=\"{&quot;2&quot;:33559489,&quot;3&quot;:{&quot;1&quot;:0},&quot;9&quot;:0,&quot;10&quot;:1,&quot;11&quot;:3,&quot;12&quot;:0,&quot;15&quot;:&quot;Montserrat&quot;,&quot;28&quot;:1}\"><strong>\u00bfCu\u00e1ndo se realiza la sesi\u00f3n de familia?<\/strong><\/span><\/p>\n<p><span style=\"font-family: inherit; font-weight: normal;\">Se pueden realizar durante todo el a\u00f1o, siempre tenemos un decorado exclusivo para nuestras familias, estos son atemporales para que combinen siempre y nunca pasen de moda. <\/span><\/p>\n<p><span style=\"font-weight: 400;\">Se pueden realizar durante todo el a\u00f1o, siempre tenemos un decorado exclusivos para nuestras familias, estos son atemporales para que combinen siempre y nunca pasen de moda.\u00a0<\/span><\/p>\n<p><span style=\"font-weight: 400;\">Salvo en campa\u00f1as puntuales como Navidad en la que si ambientamos la festividad. Pero no te preocupes que te lo har\u00e9 saber y buscaremos las mejores opciones para que te lleves un reportaje de familia precioso.. incluso combinando sesiones en \u00e9poca festivas si as\u00ed lo quieres.\u00a0<\/span><\/p>\n<p><strong>\u00bfCu\u00e1ndo debo reservar mi reportaje de familia?<\/strong><\/p>\n<p><span style=\"font-weight: 400;\">\u00a0Es recomendable reservar tu sesi\u00f3n de fotos con tres meses de antelaci\u00f3n para asegurarte de tener disponibilidad.\u00a0 Sin embargo, siempre estamos dispuestos a trabajar contigo en funci\u00f3n de tu disponibilidad y agenda.<\/span><\/p>\n<p><strong>\u00bfD\u00f3nde se realiza el reportaje?\u00a0<\/strong><\/p>\n<p><span style=\"font-weight: 400;\">Los reportajes de familia\u00a0 se realizan en mi granja-estudio ubicada en Vilsa- Seca (Tarragona)\u00a0 en un ambiente c\u00e1lido y acogedor para que tu familia se sienta c\u00f3moda y se divierta!<\/span><\/p>\n<p><strong>\u00bfDebo llevar la ropa para la sesi\u00f3n?\u00a0<\/strong><\/p>\n<p><span style=\"font-family: inherit; font-weight: normal;\">Os daremos una gu\u00eda de vestuario para que veng\u00e1is perfectos a vuestro reportaje.<\/span><\/p>\n<p><strong>\u00bfHay alg\u00fan extra que deba saber?\u00a0<\/strong><\/p>\n<p><span style=\"font-weight: 400;\">No hay ning\u00fan extra que debas conocer. En el precio de la sesi\u00f3n se incluye todo lo necesario para que tengas una experiencia \u00fanica y memorable.<\/span><\/p>\n<p><span style=\"font-weight: 400;\">No obstantes si quieres ampliar tu pack fotogr\u00e1fico podr\u00e1s hacerlo en mi estudio el d\u00eda del reportaje o cuando recibas tus fotograf\u00edas, dispongo de una tienda online donde podr\u00e1s escoger m\u00e1s fotograf\u00edas, impresiones incluso llevarte todas las fotograf\u00edas del reportaje si as\u00ed lo deseas.<\/span><\/p>\n<p><strong>\u00bfQuienes pueden participar en la sesi\u00f3n?<\/strong><\/p>\n<p><span style=\"font-weight: 400;\">Los reportajes de familia son\u00a0 una oportunidad para capturar la conexi\u00f3n entre todos los miembros de la familia, por eso este reportaje est\u00e1 pensando para un \u00fanico n\u00facleo familiar, es decir: Pap\u00e1s, mam\u00e1s e hijo\/s.<\/span><\/p>\n<p><span style=\"font-weight: 400;\">Si quieres realizar reportajes con primos, abuelos, tios, por favor contacta conmigo y estar\u00e9 encantado de facilitarte distintas opciones.<\/span><\/p>\n<p><strong>\u00bfC\u00f3mo se realizan los pagos?<\/strong><\/p>\n<p><span style=\"font-family: inherit;\">Formas de pago: El primer pago se realiza en el momento de la contrataci\u00f3n del pack en concepto de reserva. Son 50\u20ac que formalizan tu contrataci\u00f3n y se descuentan en el pago del total del pack el d\u00eda del reportaje.<\/span><\/p>\n<p><strong>\u00bfY si no puedo asistir a mi cita o llego tarde?<\/strong><\/p>\n<p><span style=\"font-weight: 400;\">Si no puedes asistir a tu cita o llegas tarde, por favor, ponte en contacto conmigo lo antes posible para que podamos reprogramar la sesi\u00f3n.<\/span><\/p>\n<p><span style=\"font-weight: 400;\">Tienes mi whatsapp en el lateral derecho, siempre disponible ;).<\/span><\/p>\n<p><strong>\u00bfCu\u00e1ndo tendr\u00e9 mi reportaje?<\/strong><\/p>\n<p><span style=\"font-weight: 400;\">El d\u00eda de tu reportaje te diremos la fecha exacta en la que recibir\u00e1s tu galer\u00eda online, que ser\u00e1 el viernes de la semana siguiente a tu reportaje. Los archivos digitales los podr\u00e1s descargar en el mismo momento en que confirmes la selecci\u00f3n de tus fotos favoritas.<\/span><\/p>\n<p><strong>\u00bfY mis productos ( \u00e1lbum, impresiones, lienzos&#8230;) ?<\/strong><\/p>\n<p><span style=\"font-weight: 400;\">Las impresiones en papel estar\u00e1n en nuestro estudio en un plazo aproximado de una semana, pero \u00e1lbumes, lienzos&#8230; etc, podr\u00e1n tardar hasta 6 semanas desde el momento en que nosotros lo enviamos al laboratorio<\/span><\/p>\n<p><br style=\"font-weight: 400;\" \/><br style=\"font-weight: 400;\" \/><\/p>\n<p>[\/et_pb_text][\/et_pb_column][\/et_pb_row][\/et_pb_section]<\/p>\n","protected":false},"excerpt":{"rendered":"<p>Tarjetas regaloRegala memoria a tus seres queridos con las Tarjetas Regalo de Dani Legaz. Nuestras tarjetas son m\u00e1s que un simple regalo, son una invitaci\u00f3n a una experiencia \u00fanica, una oportunidad de inmortalizar momentos preciosos. Permite a tus seres queridos capturar eventos familiares, retratos, o cualquier ocasi\u00f3n especial con la calidad art\u00edstica y profesional de [&hellip;]<\/p>\n","protected":false},"author":2,"featured_media":0,"parent":0,"menu_order":0,"comment_status":"closed","ping_status":"closed","template":"","meta":{"_et_pb_use_builder":"on","_et_pb_old_content":"","_et_gb_content_width":"","two_page_speed":[],"_joinchat":[],"footnotes":""},"yoast_head":"<!-- This site is optimized with the Yoast SEO plugin v24.3 - https:\/\/yoast.com\/wordpress\/plugins\/seo\/ -->\n<title>Tarjetas regalo reportajes fotograficos en Vila-Seca, Tarragona - Dani Legaz Fotograf\u00eda - Estudio fotogr\u00e1fico especializado en fotograf\u00eda infantil, maternidad, beb\u00e9s y familias en Vila Seca Tarragona | Dani Legaz Fotograf\u00eda<\/title>\n<meta name=\"robots\" content=\"index, follow, max-snippet:-1, max-image-preview:large, max-video-preview:-1\" \/>\n<link rel=\"canonical\" href=\"https:\/\/danilegazfotografo.com\/ca\/tarjetas-regalo-reportajes-fotograficos-vila-seca-tarragona\/\" \/>\n<meta property=\"og:locale\" content=\"ca_ES\" \/>\n<meta property=\"og:type\" content=\"article\" \/>\n<meta property=\"og:title\" content=\"Tarjetas regalo reportajes fotograficos en Vila-Seca, Tarragona - Dani Legaz Fotograf\u00eda - Estudio fotogr\u00e1fico especializado en fotograf\u00eda infantil, maternidad, beb\u00e9s y familias en Vila Seca Tarragona | Dani Legaz Fotograf\u00eda\" \/>\n<meta property=\"og:description\" content=\"Tarjetas regaloRegala memoria a tus seres queridos con las Tarjetas Regalo de Dani Legaz. Nuestras tarjetas son m\u00e1s que un simple regalo, son una invitaci\u00f3n a una experiencia \u00fanica, una oportunidad de inmortalizar momentos preciosos. Permite a tus seres queridos capturar eventos familiares, retratos, o cualquier ocasi\u00f3n especial con la calidad art\u00edstica y profesional de [&hellip;]\" \/>\n<meta property=\"og:url\" content=\"https:\/\/danilegazfotografo.com\/ca\/tarjetas-regalo-reportajes-fotograficos-vila-seca-tarragona\/\" \/>\n<meta property=\"og:site_name\" content=\"Estudio fotogr\u00e1fico especializado en fotograf\u00eda infantil, maternidad, beb\u00e9s y familias en Vila Seca Tarragona | Dani Legaz Fotograf\u00eda\" \/>\n<meta property=\"article:modified_time\" content=\"2025-02-21T08:35:40+00:00\" \/>\n<meta name=\"twitter:card\" content=\"summary_large_image\" \/>\n<script type=\"application\/ld+json\" class=\"yoast-schema-graph\">{\"@context\":\"https:\/\/schema.org\",\"@graph\":[{\"@type\":\"WebPage\",\"@id\":\"https:\/\/danilegazfotografo.com\/tarjetas-regalo-reportajes-fotograficos-vila-seca-tarragona\/\",\"url\":\"https:\/\/danilegazfotografo.com\/tarjetas-regalo-reportajes-fotograficos-vila-seca-tarragona\/\",\"name\":\"Tarjetas regalo reportajes fotograficos en Vila-Seca, Tarragona - Dani Legaz Fotograf\u00eda - Estudio fotogr\u00e1fico especializado en fotograf\u00eda infantil, maternidad, beb\u00e9s y familias en Vila Seca Tarragona | Dani Legaz Fotograf\u00eda\",\"isPartOf\":{\"@id\":\"https:\/\/danilegazfotografo.com\/#website\"},\"datePublished\":\"2023-06-19T10:42:37+00:00\",\"dateModified\":\"2025-02-21T08:35:40+00:00\",\"breadcrumb\":{\"@id\":\"https:\/\/danilegazfotografo.com\/tarjetas-regalo-reportajes-fotograficos-vila-seca-tarragona\/#breadcrumb\"},\"inLanguage\":\"ca\",\"potentialAction\":[{\"@type\":\"ReadAction\",\"target\":[\"https:\/\/danilegazfotografo.com\/tarjetas-regalo-reportajes-fotograficos-vila-seca-tarragona\/\"]}]},{\"@type\":\"BreadcrumbList\",\"@id\":\"https:\/\/danilegazfotografo.com\/tarjetas-regalo-reportajes-fotograficos-vila-seca-tarragona\/#breadcrumb\",\"itemListElement\":[{\"@type\":\"ListItem\",\"position\":1,\"name\":\"Portada\",\"item\":\"https:\/\/danilegazfotografo.com\/\"},{\"@type\":\"ListItem\",\"position\":2,\"name\":\"Tarjetas regalo reportajes fotograficos en Vila-Seca, Tarragona &#8211; Dani Legaz Fotograf\u00eda\"}]},{\"@type\":\"WebSite\",\"@id\":\"https:\/\/danilegazfotografo.com\/#website\",\"url\":\"https:\/\/danilegazfotografo.com\/\",\"name\":\"Estudio fotogr\u00e1fico especializado en fotograf\u00eda infantil, maternidad, beb\u00e9s y familias en Vila Seca Tarragona | Dani Legaz Fotograf\u00eda\",\"description\":\"En Dani Legaz Fotograf\u00eda, nuestro estudio fotogr\u00e1fico en Vila Seca Tarragona, somos especialistas en capturar los momentos m\u00e1s tiernos y emotivos de la vida de las familias. Ofrecemos reportajes en estudio y exteriores para beb\u00e9s, maternidad, ni\u00f1os y familias. \u00a1Cont\u00e1ctanos para crear juntos un recuerdo inolvidable!\",\"potentialAction\":[{\"@type\":\"SearchAction\",\"target\":{\"@type\":\"EntryPoint\",\"urlTemplate\":\"https:\/\/danilegazfotografo.com\/?s={search_term_string}\"},\"query-input\":{\"@type\":\"PropertyValueSpecification\",\"valueRequired\":true,\"valueName\":\"search_term_string\"}}],\"inLanguage\":\"ca\"}]}<\/script>\n<!-- \/ Yoast SEO plugin. -->","yoast_head_json":{"title":"Tarjetas regalo reportajes fotograficos en Vila-Seca, Tarragona - Dani Legaz Fotograf\u00eda - Estudio fotogr\u00e1fico especializado en fotograf\u00eda infantil, maternidad, beb\u00e9s y familias en Vila Seca Tarragona | Dani Legaz Fotograf\u00eda","robots":{"index":"index","follow":"follow","max-snippet":"max-snippet:-1","max-image-preview":"max-image-preview:large","max-video-preview":"max-video-preview:-1"},"canonical":"https:\/\/danilegazfotografo.com\/ca\/tarjetas-regalo-reportajes-fotograficos-vila-seca-tarragona\/","og_locale":"ca_ES","og_type":"article","og_title":"Tarjetas regalo reportajes fotograficos en Vila-Seca, Tarragona - Dani Legaz Fotograf\u00eda - Estudio fotogr\u00e1fico especializado en fotograf\u00eda infantil, maternidad, beb\u00e9s y familias en Vila Seca Tarragona | Dani Legaz Fotograf\u00eda","og_description":"Tarjetas regaloRegala memoria a tus seres queridos con las Tarjetas Regalo de Dani Legaz. Nuestras tarjetas son m\u00e1s que un simple regalo, son una invitaci\u00f3n a una experiencia \u00fanica, una oportunidad de inmortalizar momentos preciosos. Permite a tus seres queridos capturar eventos familiares, retratos, o cualquier ocasi\u00f3n especial con la calidad art\u00edstica y profesional de [&hellip;]","og_url":"https:\/\/danilegazfotografo.com\/ca\/tarjetas-regalo-reportajes-fotograficos-vila-seca-tarragona\/","og_site_name":"Estudio fotogr\u00e1fico especializado en fotograf\u00eda infantil, maternidad, beb\u00e9s y familias en Vila Seca Tarragona | Dani Legaz Fotograf\u00eda","article_modified_time":"2025-02-21T08:35:40+00:00","twitter_card":"summary_large_image","schema":{"@context":"https:\/\/schema.org","@graph":[{"@type":"WebPage","@id":"https:\/\/danilegazfotografo.com\/tarjetas-regalo-reportajes-fotograficos-vila-seca-tarragona\/","url":"https:\/\/danilegazfotografo.com\/tarjetas-regalo-reportajes-fotograficos-vila-seca-tarragona\/","name":"Tarjetas regalo reportajes fotograficos en Vila-Seca, Tarragona - Dani Legaz Fotograf\u00eda - Estudio fotogr\u00e1fico especializado en fotograf\u00eda infantil, maternidad, beb\u00e9s y familias en Vila Seca Tarragona | Dani Legaz Fotograf\u00eda","isPartOf":{"@id":"https:\/\/danilegazfotografo.com\/#website"},"datePublished":"2023-06-19T10:42:37+00:00","dateModified":"2025-02-21T08:35:40+00:00","breadcrumb":{"@id":"https:\/\/danilegazfotografo.com\/tarjetas-regalo-reportajes-fotograficos-vila-seca-tarragona\/#breadcrumb"},"inLanguage":"ca","potentialAction":[{"@type":"ReadAction","target":["https:\/\/danilegazfotografo.com\/tarjetas-regalo-reportajes-fotograficos-vila-seca-tarragona\/"]}]},{"@type":"BreadcrumbList","@id":"https:\/\/danilegazfotografo.com\/tarjetas-regalo-reportajes-fotograficos-vila-seca-tarragona\/#breadcrumb","itemListElement":[{"@type":"ListItem","position":1,"name":"Portada","item":"https:\/\/danilegazfotografo.com\/"},{"@type":"ListItem","position":2,"name":"Tarjetas regalo reportajes fotograficos en Vila-Seca, Tarragona &#8211; Dani Legaz Fotograf\u00eda"}]},{"@type":"WebSite","@id":"https:\/\/danilegazfotografo.com\/#website","url":"https:\/\/danilegazfotografo.com\/","name":"Estudio fotogr\u00e1fico especializado en fotograf\u00eda infantil, maternidad, beb\u00e9s y familias en Vila Seca Tarragona | Dani Legaz Fotograf\u00eda","description":"En Dani Legaz Fotograf\u00eda, nuestro estudio fotogr\u00e1fico en Vila Seca Tarragona, somos especialistas en capturar los momentos m\u00e1s tiernos y emotivos de la vida de las familias. Ofrecemos reportajes en estudio y exteriores para beb\u00e9s, maternidad, ni\u00f1os y familias. \u00a1Cont\u00e1ctanos para crear juntos un recuerdo inolvidable!","potentialAction":[{"@type":"SearchAction","target":{"@type":"EntryPoint","urlTemplate":"https:\/\/danilegazfotografo.com\/?s={search_term_string}"},"query-input":{"@type":"PropertyValueSpecification","valueRequired":true,"valueName":"search_term_string"}}],"inLanguage":"ca"}]}},"_links":{"self":[{"href":"https:\/\/danilegazfotografo.com\/ca\/wp-json\/wp\/v2\/pages\/1205"}],"collection":[{"href":"https:\/\/danilegazfotografo.com\/ca\/wp-json\/wp\/v2\/pages"}],"about":[{"href":"https:\/\/danilegazfotografo.com\/ca\/wp-json\/wp\/v2\/types\/page"}],"author":[{"embeddable":true,"href":"https:\/\/danilegazfotografo.com\/ca\/wp-json\/wp\/v2\/users\/2"}],"replies":[{"embeddable":true,"href":"https:\/\/danilegazfotografo.com\/ca\/wp-json\/wp\/v2\/comments?post=1205"}],"version-history":[{"count":19,"href":"https:\/\/danilegazfotografo.com\/ca\/wp-json\/wp\/v2\/pages\/1205\/revisions"}],"predecessor-version":[{"id":2607,"href":"https:\/\/danilegazfotografo.com\/ca\/wp-json\/wp\/v2\/pages\/1205\/revisions\/2607"}],"wp:attachment":[{"href":"https:\/\/danilegazfotografo.com\/ca\/wp-json\/wp\/v2\/media?parent=1205"}],"curies":[{"name":"wp","href":"https:\/\/api.w.org\/{rel}","templated":true}]}}